{"id":38,"date":"2023-04-14T11:00:59","date_gmt":"2023-04-14T11:00:59","guid":{"rendered":"https:\/\/bidibi.org\/home\/"},"modified":"2026-04-13T09:52:01","modified_gmt":"2026-04-13T09:52:01","slug":"home","status":"publish","type":"page","link":"https:\/\/bidibi.org\/it\/","title":{"rendered":"Ente gestore BiDIBi e.V."},"content":{"rendered":"<div data-elementor-type=\"wp-page\" data-elementor-id=\"38\" class=\"elementor elementor-38\">\n\t\t\t\t\t\t<section class=\"elementor-section elementor-top-section elementor-element elementor-element-5d8b22a1 elementor-section-height-min-height elementor-section-items-stretch elementor-section-content-middle elementor-section-full_width elementor-section-height-default\" data-id=\"5d8b22a1\" data-element_type=\"section\" data-e-type=\"section\" data-settings=\"{&quot;background_background&quot;:&quot;classic&quot;}\">\n\t\t\t\t\t\t\t<div class=\"elementor-background-overlay\"><\/div>\n\t\t\t\t\t\t\t<div class=\"elementor-container elementor-column-gap-default\">\n\t\t\t\t\t<div class=\"elementor-column elementor-col-100 elementor-top-column elementor-element elementor-element-68c57fdc\" data-id=\"68c57fdc\" data-element_type=\"column\" data-e-type=\"column\" data-settings=\"{&quot;background_background&quot;:&quot;classic&quot;}\">\n\t\t\t<div class=\"elementor-widget-wrap elementor-element-populated\">\n\t\t\t\t\t\t<div class=\"elementor-element elementor-element-20df8cad elementor-widget elementor-widget-heading\" data-id=\"20df8cad\" data-element_type=\"widget\" data-e-type=\"widget\" data-widget_type=\"heading.default\">\n\t\t\t\t<div class=\"elementor-widget-container\">\n\t\t\t\t\t<h3 class=\"elementor-heading-title elementor-size-medium\">Ente gestore BiDIBi e.V.<\/h3>\t\t\t\t<\/div>\n\t\t\t\t<\/div>\n\t\t\t\t\t<\/div>\n\t\t<\/div>\n\t\t\t\t\t<\/div>\n\t\t<\/section>\n\t\t\t\t<section class=\"elementor-section elementor-top-section elementor-element elementor-element-c69d95c elementor-section-full_width elementor-section-height-min-height elementor-section-height-default elementor-section-items-middle\" data-id=\"c69d95c\" data-element_type=\"section\" data-e-type=\"section\" data-settings=\"{&quot;background_background&quot;:&quot;classic&quot;}\">\n\t\t\t\t\t\t<div class=\"elementor-container elementor-column-gap-default\">\n\t\t\t\t\t<div class=\"elementor-column elementor-col-100 elementor-top-column elementor-element elementor-element-090913c\" data-id=\"090913c\" data-element_type=\"column\" data-e-type=\"column\">\n\t\t\t<div class=\"elementor-widget-wrap elementor-element-populated\">\n\t\t\t\t\t\t<div class=\"elementor-element elementor-element-e7be4c8 elementor-widget elementor-widget-heading\" data-id=\"e7be4c8\" data-element_type=\"widget\" data-e-type=\"widget\" data-widget_type=\"heading.default\">\n\t\t\t\t<div class=\"elementor-widget-container\">\n\t\t\t\t\t<h4 class=\"elementor-heading-title elementor-size-large\"><span class=\"theming-theme-accent2\">Bilingualer Deutsch-Italienischer Bildungsverein&nbsp;<\/span><br><span class=\"theming-theme-accent2\">Associazione culturale bilingue Italo-Tedesca<\/span><\/h4>\t\t\t\t<\/div>\n\t\t\t\t<\/div>\n\t\t\t\t\t<\/div>\n\t\t<\/div>\n\t\t\t\t\t<\/div>\n\t\t<\/section>\n\t\t\t\t<section class=\"elementor-section elementor-top-section elementor-element elementor-element-6f3cb6d elementor-section-full_width elementor-section-content-middle elementor-reverse-tablet elementor-reverse-mobile elementor-section-height-min-height elementor-section-items-top elementor-section-height-default\" data-id=\"6f3cb6d\" data-element_type=\"section\" data-e-type=\"section\" data-settings=\"{&quot;background_background&quot;:&quot;classic&quot;}\">\n\t\t\t\t\t\t<div class=\"elementor-container elementor-column-gap-no\">\n\t\t\t\t\t<div class=\"elementor-column elementor-col-100 elementor-top-column elementor-element elementor-element-52103f1e\" data-id=\"52103f1e\" data-element_type=\"column\" data-e-type=\"column\" data-settings=\"{&quot;background_background&quot;:&quot;classic&quot;}\">\n\t\t\t<div class=\"elementor-widget-wrap elementor-element-populated\">\n\t\t\t\t\t<div class=\"elementor-background-overlay\"><\/div>\n\t\t\t\t\t\t<div class=\"elementor-element elementor-element-f8b5687 elementor-widget elementor-widget-spacer\" data-id=\"f8b5687\" data-element_type=\"widget\" data-e-type=\"widget\" data-widget_type=\"spacer.default\">\n\t\t\t\t<div class=\"elementor-widget-container\">\n\t\t\t\t\t\t\t<div class=\"elementor-spacer\">\n\t\t\t<div class=\"elementor-spacer-inner\"><\/div>\n\t\t<\/div>\n\t\t\t\t\t\t<\/div>\n\t\t\t\t<\/div>\n\t\t\t\t<section class=\"elementor-section elementor-inner-section elementor-element elementor-element-e559e04 elementor-section-boxed elementor-section-height-default elementor-section-height-default\" data-id=\"e559e04\" data-element_type=\"section\" data-e-type=\"section\">\n\t\t\t\t\t\t<div class=\"elementor-container elementor-column-gap-default\">\n\t\t\t\t\t<div class=\"elementor-column elementor-col-50 elementor-inner-column elementor-element elementor-element-1c87f6b\" data-id=\"1c87f6b\" data-element_type=\"column\" data-e-type=\"column\">\n\t\t\t<div class=\"elementor-widget-wrap elementor-element-populated\">\n\t\t\t\t\t\t<div class=\"elementor-element elementor-element-b5c9421 elementor-widget elementor-widget-text-editor\" data-id=\"b5c9421\" data-element_type=\"widget\" data-e-type=\"widget\" data-widget_type=\"text-editor.default\">\n\t\t\t\t<div class=\"elementor-widget-container\">\n\t\t\t\t\t\t\t\t\t<p>BiDIBi e.V. (Bilingualer Deutsch-Italienischer Bildungsverein \u2013 Associazione culturale bilingue Italo-Tedesca) \u00e8 un Ente gestore, regolarmente registrato all\u2019Albo Consolare di Monaco di Baviera (Decreto Consolare 119 del 14.12.2020).<\/p><p>BiDIBi e.V. \u00e8 stato fondato nel 2011, come associazione senza scopo di lucro con lo scopo di promuovere la lingua e la cultura italiana in Baviera e in Germania.<\/p><p>L\u2019ente gestore BiDIBi e.V. ha attivato a Monaco di Baviera la scuola bilingue italo-tedesca Leonardo da Vinci: nel settembre del 2013 la Scuola Primaria e nel settembre 2016 il Gymnasium.<\/p><p>BiDiBi e.V. \u00e8 presente e attivo sul territorio e coopera con le scuole pubbliche e private a Monaco di Baviera e nei distretti limitrofi e con diverse universit\u00e0: Ludwig-Maximilians-Universit\u00e4t M\u00fcnchen, Libera Universit\u00e0 di Bolzano.<\/p><p>Come Ente gestore BiDIBi e.V. collabora con diverse agenzie: Lyons Club Mediterraneo, Camera di commercio Italo-tedesca, Caritas, Istituto di Cultura, ADI, ComItes e numerosi enti tedeschi: Kultus Ministerium, Schulamt der Stadt M\u00fcnchen, MB Stelle M\u00fcnchen Hauptstadt, MB Stelle Oberbayern West, Regierung von Oberbayern, Bezirk von Oberbayern.<\/p>\t\t\t\t\t\t\t\t<\/div>\n\t\t\t\t<\/div>\n\t\t\t\t\t<\/div>\n\t\t<\/div>\n\t\t\t\t<div class=\"elementor-column elementor-col-50 elementor-inner-column elementor-element elementor-element-9e9973d\" data-id=\"9e9973d\" data-element_type=\"column\" data-e-type=\"column\">\n\t\t\t<div class=\"elementor-widget-wrap elementor-element-populated\">\n\t\t\t\t\t\t<div class=\"elementor-element elementor-element-25bb7c5 elementor-widget elementor-widget-spacer\" data-id=\"25bb7c5\" data-element_type=\"widget\" data-e-type=\"widget\" data-widget_type=\"spacer.default\">\n\t\t\t\t<div class=\"elementor-widget-container\">\n\t\t\t\t\t\t\t<div class=\"elementor-spacer\">\n\t\t\t<div class=\"elementor-spacer-inner\"><\/div>\n\t\t<\/div>\n\t\t\t\t\t\t<\/div>\n\t\t\t\t<\/div>\n\t\t\t\t<div class=\"elementor-element elementor-element-828178d elementor-widget elementor-widget-image\" data-id=\"828178d\" data-element_type=\"widget\" data-e-type=\"widget\" data-widget_type=\"image.default\">\n\t\t\t\t<div class=\"elementor-widget-container\">\n\t\t\t\t\t\t\t\t\t\t\t\t\t\t\t<img decoding=\"async\" src=\"https:\/\/bidibi.org\/wp-content\/uploads\/elementor\/thumbs\/iStock-471999295-scaled-q4zyuw44hjbaedvesl01km43vhsp40w9n4wu30giis.jpg\" title=\"Five cheerful kids\" alt=\"Five cheerful kids looking through hula hoops\" loading=\"lazy\" \/>\t\t\t\t\t\t\t\t\t\t\t\t\t\t\t<\/div>\n\t\t\t\t<\/div>\n\t\t\t\t<div class=\"elementor-element elementor-element-d93c1d5 elementor-widget elementor-widget-image\" data-id=\"d93c1d5\" data-element_type=\"widget\" data-e-type=\"widget\" data-widget_type=\"image.default\">\n\t\t\t\t<div class=\"elementor-widget-container\">\n\t\t\t\t\t\t\t\t\t\t\t\t\t\t\t<img decoding=\"async\" src=\"https:\/\/bidibi.org\/wp-content\/uploads\/elementor\/thumbs\/iStock-1409722748-scaled-q4zyw9xkjr7hhpv1poj9qrjjcwz5fze1hzhkioend0.jpg\" title=\"Students raising hands while teacher asking them questions in classroom\" alt=\"Students raising hands while teacher asking them questions in classroom\" loading=\"lazy\" \/>\t\t\t\t\t\t\t\t\t\t\t\t\t\t\t<\/div>\n\t\t\t\t<\/div>\n\t\t\t\t\t<\/div>\n\t\t<\/div>\n\t\t\t\t\t<\/div>\n\t\t<\/section>\n\t\t\t\t<div class=\"elementor-element elementor-element-c60f36c elementor-align-center elementor-invisible elementor-widget elementor-widget-button\" data-id=\"c60f36c\" data-element_type=\"widget\" data-e-type=\"widget\" data-settings=\"{&quot;_animation&quot;:&quot;fadeIn&quot;}\" data-widget_type=\"button.default\">\n\t\t\t\t<div class=\"elementor-widget-container\">\n\t\t\t\t\t\t\t\t\t<div class=\"elementor-button-wrapper\">\n\t\t\t\t\t<a class=\"elementor-button elementor-button-link elementor-size-xs\" href=\"https:\/\/www.ldv-muenchen.de\/\">\n\t\t\t\t\t\t<span class=\"elementor-button-content-wrapper\">\n\t\t\t\t\t\t\t\t\t<span class=\"elementor-button-text\">Leonardo da Vinci Schule <\/span>\n\t\t\t\t\t<\/span>\n\t\t\t\t\t<\/a>\n\t\t\t\t<\/div>\n\t\t\t\t\t\t\t\t<\/div>\n\t\t\t\t<\/div>\n\t\t\t\t<div class=\"elementor-element elementor-element-d351cd3 elementor-widget elementor-widget-spacer\" data-id=\"d351cd3\" data-element_type=\"widget\" data-e-type=\"widget\" data-widget_type=\"spacer.default\">\n\t\t\t\t<div class=\"elementor-widget-container\">\n\t\t\t\t\t\t\t<div class=\"elementor-spacer\">\n\t\t\t<div class=\"elementor-spacer-inner\"><\/div>\n\t\t<\/div>\n\t\t\t\t\t\t<\/div>\n\t\t\t\t<\/div>\n\t\t\t\t\t<\/div>\n\t\t<\/div>\n\t\t\t\t\t<\/div>\n\t\t<\/section>\n\t\t\t\t<section class=\"elementor-section elementor-top-section elementor-element elementor-element-1abae09e elementor-section-full_width elementor-section-height-default elementor-section-height-default\" data-id=\"1abae09e\" data-element_type=\"section\" data-e-type=\"section\" data-settings=\"{&quot;background_background&quot;:&quot;classic&quot;,&quot;shape_divider_top&quot;:&quot;tilt&quot;}\">\n\t\t\t\t\t\t\t<div class=\"elementor-background-overlay\"><\/div>\n\t\t\t\t\t\t<div class=\"elementor-shape elementor-shape-top\" aria-hidden=\"true\" data-negative=\"false\">\n\t\t\t<svg xmlns=\"http:\/\/www.w3.org\/2000\/svg\" viewbox=\"0 0 1000 100\" preserveaspectratio=\"none\">\n\t<path class=\"elementor-shape-fill\" d=\"M0,6V0h1000v100L0,6z\"\/>\n<\/svg>\t\t<\/div>\n\t\t\t\t\t<div class=\"elementor-container elementor-column-gap-no\">\n\t\t\t\t\t<div class=\"elementor-column elementor-col-100 elementor-top-column elementor-element elementor-element-1c9f1b4d\" data-id=\"1c9f1b4d\" data-element_type=\"column\" data-e-type=\"column\">\n\t\t\t<div class=\"elementor-widget-wrap elementor-element-populated\">\n\t\t\t\t\t\t<div class=\"elementor-element elementor-element-af07bf2 elementor-widget elementor-widget-spacer\" data-id=\"af07bf2\" data-element_type=\"widget\" data-e-type=\"widget\" data-widget_type=\"spacer.default\">\n\t\t\t\t<div class=\"elementor-widget-container\">\n\t\t\t\t\t\t\t<div class=\"elementor-spacer\">\n\t\t\t<div class=\"elementor-spacer-inner\"><\/div>\n\t\t<\/div>\n\t\t\t\t\t\t<\/div>\n\t\t\t\t<\/div>\n\t\t\t\t<div class=\"elementor-element elementor-element-3d5404e2 elementor-widget elementor-widget-heading\" data-id=\"3d5404e2\" data-element_type=\"widget\" data-e-type=\"widget\" data-widget_type=\"heading.default\">\n\t\t\t\t<div class=\"elementor-widget-container\">\n\t\t\t\t\t<h2 class=\"elementor-heading-title elementor-size-default\"><span style=\"font-weight: normal\">Il Direttivo<\/span><\/h2>\t\t\t\t<\/div>\n\t\t\t\t<\/div>\n\t\t\t\t<div class=\"elementor-element elementor-element-d58e6fd elementor-widget elementor-widget-accordion\" data-id=\"d58e6fd\" data-element_type=\"widget\" data-e-type=\"widget\" data-settings=\"{&quot;_animation&quot;:&quot;none&quot;}\" data-widget_type=\"accordion.default\">\n\t\t\t\t<div class=\"elementor-widget-container\">\n\t\t\t\t\t\t\t<div class=\"elementor-accordion\">\n\t\t\t\t\t\t\t<div class=\"elementor-accordion-item\">\n\t\t\t\t\t<h6 id=\"elementor-tab-title-2231\" class=\"elementor-tab-title\" data-tab=\"1\" role=\"button\" aria-controls=\"elementor-tab-content-2231\" aria-expanded=\"false\">\n\t\t\t\t\t\t\t\t\t\t\t\t\t<span class=\"elementor-accordion-icon elementor-accordion-icon-right\" aria-hidden=\"true\">\n\t\t\t\t\t\t\t\t\t\t\t\t\t\t\t<span class=\"elementor-accordion-icon-closed\"><i class=\"fas fa-chevron-down\"><\/i><\/span>\n\t\t\t\t\t\t\t\t<span class=\"elementor-accordion-icon-opened\"><i class=\"fas fa-chevron-up\"><\/i><\/span>\n\t\t\t\t\t\t\t\t\t\t\t\t\t\t<\/span>\n\t\t\t\t\t\t\t\t\t\t\t\t<a class=\"elementor-accordion-title\" tabindex=\"0\">Dr. Patrizia Mazzadi, Presidente<\/a>\n\t\t\t\t\t<\/h6>\n\t\t\t\t\t<div id=\"elementor-tab-content-2231\" class=\"elementor-tab-content elementor-clearfix\" data-tab=\"1\" role=\"region\" aria-labelledby=\"elementor-tab-title-2231\"><p><span class=\"theming-theme-light\" style=\"font-size: 14px;\"><img fetchpriority=\"high\" decoding=\"async\" class=\"alignleft wp-image-140 size-medium\" src=\"https:\/\/bidibi.org\/wp-content\/uploads\/2023\/04\/Mazzardi-200x300.jpg\" alt=\"Patrizia Mazzardi\" width=\"200\" height=\"300\" srcset=\"https:\/\/bidibi.org\/wp-content\/uploads\/2023\/04\/Mazzardi-200x300.jpg 200w, https:\/\/bidibi.org\/wp-content\/uploads\/2023\/04\/Mazzardi-683x1024.jpg 683w, https:\/\/bidibi.org\/wp-content\/uploads\/2023\/04\/Mazzardi-768x1152.jpg 768w, https:\/\/bidibi.org\/wp-content\/uploads\/2023\/04\/Mazzardi-1024x1536.jpg 1024w, https:\/\/bidibi.org\/wp-content\/uploads\/2023\/04\/Mazzardi-1365x2048.jpg 1365w, https:\/\/bidibi.org\/wp-content\/uploads\/2023\/04\/Mazzardi-scaled.jpg 1707w\" sizes=\"(max-width: 200px) 100vw, 200px\" \/><span style=\"color: #333333;\">Aree di competenza: <br \/><em><strong>Scuola italo-tedesca Leonardo da Vinci<\/strong><\/em><\/span><\/span><\/p><p><span class=\"theming-theme-light\" style=\"font-size: 14px; color: #333333;\">Il bilinguismo e gli scambi culturali tra l\u2019Italia e la Germania hanno caratterizzato la mia vita.\u00a0<\/span><br \/><span class=\"theming-theme-light\" style=\"font-size: 14px; color: #333333;\">Giunta ventenne a Berlino vi ho studiato germanistica e romanistica e ho approfondito in un secondo tempo i miei studi, grazie ad una borsa di studio della FU, con un dottorato di ricerca in lingua e letteratura del tedesco medievale. Ho al mio attivo diverse traduzioni di opere letterarie dal medio tedesco all\u2019italiano e ho avuto modo di conoscere profondamente la cultura tedesca grazie a ripetuti lunghi soggiorni in Germania.<\/span><\/p><p><span class=\"theming-theme-light\" style=\"font-size: 14px; color: #333333;\">E\u2019 stato questo particolare percorso personale e professionale che mi ha vista costantemente in equilibrio tra Germania e Italia a spingermi a fondare, con un gruppo di altre persone molto motivate e convinte, l'associazione culturale BiDIBi e.V. L\u2019associazione risponde a diversi importanti punti che contraddistinguono da sempre il mio percorso, comprende infatti sia un impegno sociale, sia un impegno culturale.<\/span><\/p><p><span class=\"theming-theme-light\" style=\"font-size: 14px; color: #333333;\">Fiore all\u2019occhiello del lavoro dell\u2019associazione \u00e8 la fondazione della scuola bilingue Italo-tedesca Leonardo da Vinci, una grande sfida che mi sta particolarmente a cuore!<\/span><\/p><\/div>\n\t\t\t\t<\/div>\n\t\t\t\t\t\t\t<div class=\"elementor-accordion-item\">\n\t\t\t\t\t<h6 id=\"elementor-tab-title-2232\" class=\"elementor-tab-title\" data-tab=\"2\" role=\"button\" aria-controls=\"elementor-tab-content-2232\" aria-expanded=\"false\">\n\t\t\t\t\t\t\t\t\t\t\t\t\t<span class=\"elementor-accordion-icon elementor-accordion-icon-right\" aria-hidden=\"true\">\n\t\t\t\t\t\t\t\t\t\t\t\t\t\t\t<span class=\"elementor-accordion-icon-closed\"><i class=\"fas fa-chevron-down\"><\/i><\/span>\n\t\t\t\t\t\t\t\t<span class=\"elementor-accordion-icon-opened\"><i class=\"fas fa-chevron-up\"><\/i><\/span>\n\t\t\t\t\t\t\t\t\t\t\t\t\t\t<\/span>\n\t\t\t\t\t\t\t\t\t\t\t\t<a class=\"elementor-accordion-title\" tabindex=\"0\">Raoul Cadeddu Dessalvi, Vicepresidente<\/a>\n\t\t\t\t\t<\/h6>\n\t\t\t\t\t<div id=\"elementor-tab-content-2232\" class=\"elementor-tab-content elementor-clearfix\" data-tab=\"2\" role=\"region\" aria-labelledby=\"elementor-tab-title-2232\"><h5><span class=\"theming-theme-light\" style=\"font-size: 14px;\"><img decoding=\"async\" class=\"size-medium wp-image-139 alignleft\" src=\"https:\/\/bidibi.org\/wp-content\/uploads\/2023\/04\/Dessalvi-200x300.jpg\" alt=\"\" width=\"200\" height=\"300\" srcset=\"https:\/\/bidibi.org\/wp-content\/uploads\/2023\/04\/Dessalvi-200x300.jpg 200w, https:\/\/bidibi.org\/wp-content\/uploads\/2023\/04\/Dessalvi.jpg 400w\" sizes=\"(max-width: 200px) 100vw, 200px\" \/><\/span><\/h5><p><span class=\"theming-theme-light\" style=\"color: #333333;\">Aree di competenza <br \/><\/span><span class=\"theming-theme-light\" style=\"color: #333333;\"><em><strong>Progetti e iniziative per la diffusione e promozione della lingua e della cultura italiana nel mondo<\/strong><\/em><\/span><\/p><p><span class=\"theming-theme-light\" style=\"color: #333333;\">Ho sempre creduto fermamente nell\u00b4importanza dell\u00b4istruzione come base di partenza per formare un mondo migliore e ritengo che la scuola bilingue Leonardo da Vinci offra un originale modello pionieristico che si adatta perfettamente alle esigenze della nostra societ\u00e0 multiculturale moderna. Un modello che sarebbe bello contribuire a diffondere in altri luoghi ed estendere ad altre culture.<\/span><br \/><span class=\"theming-theme-light\" style=\"color: #333333;\">Sono nato e cresciuto a Cagliari dove ho conseguito una laurea magistrale in Ingegneria Meccanica. Ho sempre lavorato nel settore dell\u00b4automobile, presso fornitori leader del mercato per importanza e tecnologia. Ho ricoperto posizioni di crescente responsabilit\u00e0 nel settore tecnico, nel Project Management e nel commerciale. Attualmente lavoro per l\u00b4Hitachi Automotive Systems Europe dove sono il responsabile commerciale a livello globale per uno dei maggiori clienti del settore e sono a capo del Project Management per tutti i progetti europei della divisione Chassis Control (Sistemi Frenanti, Sterzanti, Trasmissioni e Sospensioni). Mi piacciono le lingue straniere, viaggiare e leggere. Sono stato da sempre impegnato nel sociale e, da vari anni, sono membro del consiglio direttivo di un\u00b4importante associazione internazionale benefica e culturale. Desidero mettere al servizio della BiDiBi le mie competenze manageriali e organizzative insieme alle mie capacit\u00e0 relazionali.<\/span><\/p><\/div>\n\t\t\t\t<\/div>\n\t\t\t\t\t\t\t<div class=\"elementor-accordion-item\">\n\t\t\t\t\t<h6 id=\"elementor-tab-title-2233\" class=\"elementor-tab-title\" data-tab=\"3\" role=\"button\" aria-controls=\"elementor-tab-content-2233\" aria-expanded=\"false\">\n\t\t\t\t\t\t\t\t\t\t\t\t\t<span class=\"elementor-accordion-icon elementor-accordion-icon-right\" aria-hidden=\"true\">\n\t\t\t\t\t\t\t\t\t\t\t\t\t\t\t<span class=\"elementor-accordion-icon-closed\"><i class=\"fas fa-chevron-down\"><\/i><\/span>\n\t\t\t\t\t\t\t\t<span class=\"elementor-accordion-icon-opened\"><i class=\"fas fa-chevron-up\"><\/i><\/span>\n\t\t\t\t\t\t\t\t\t\t\t\t\t\t<\/span>\n\t\t\t\t\t\t\t\t\t\t\t\t<a class=\"elementor-accordion-title\" tabindex=\"0\">Dr. Martin Hartl, Tesoriere<\/a>\n\t\t\t\t\t<\/h6>\n\t\t\t\t\t<div id=\"elementor-tab-content-2233\" class=\"elementor-tab-content elementor-clearfix\" data-tab=\"3\" role=\"region\" aria-labelledby=\"elementor-tab-title-2233\"><p><span class=\"theming-theme-light\" style=\"color: #ffffff;\"><span style=\"color: #333333;\"><img decoding=\"async\" class=\"wp-image-778 size-medium alignleft\" src=\"https:\/\/bidibi.org\/wp-content\/uploads\/2024\/06\/Martin--225x300.jpg\" alt=\"\" width=\"225\" height=\"300\" data-wp-editing=\"1\" srcset=\"https:\/\/bidibi.org\/wp-content\/uploads\/2024\/06\/Martin--225x300.jpg 225w, https:\/\/bidibi.org\/wp-content\/uploads\/2024\/06\/Martin--9x12.jpg 9w, https:\/\/bidibi.org\/wp-content\/uploads\/2024\/06\/Martin--rotated.jpg 480w\" sizes=\"(max-width: 225px) 100vw, 225px\" \/>In qualit\u00e0 di dipendente di BMW AG per molti anni, ho ricoperto diverse posizioni nel dipartimento finanziario in Germania e all'estero. La mia carriera professionale mi ha portato in Messico, negli Stati Uniti e in Italia. Attualmente mi occupo dell'investimento del patrimonio pensionistico e del capitale delle fondazioni.\nAl di fuori delle mie attivit\u00e0 professionali, sono da tempo impegnato attivamente nel settore sociale e sono orgoglioso di essere membro del consiglio di amministrazione di un'importante organizzazione internazionale a scopo benefico e culturale. La mia vasta conoscenza della gestione e dell'organizzazione mi consente di apportare cambiamenti concreti e positivi.\nLe mie esperienze personali, cos\u00ec come il mio matrimonio con una italiana, hanno approfondito il mio apprezzamento per la diversit\u00e0 e lo scambio interculturale. Voglio portare questi valori al BiDIBi e contribuire a promuovere una comunit\u00e0 pi\u00f9 inclusiva e diversificata.<br \/>In qualit\u00e0 di dipendente di BMW AG per molti anni, ho ricoperto diverse posizioni nel dipartimento finanziario in Germania e all'estero. La mia carriera professionale mi ha portato in Messico, negli Stati Uniti e in Italia. Attualmente mi occupo dell'investimento del patrimonio pensionistico e del capitale delle fondazioni.\nAl di fuori delle mie attivit\u00e0 professionali, sono da tempo impegnato attivamente nel settore sociale e sono orgoglioso di essere membro del consiglio di amministrazione di un'importante organizzazione internazionale a scopo benefico e culturale. La mia vasta conoscenza della gestione e dell'organizzazione mi consente di apportare cambiamenti concreti e positivi.<br \/>Le mie esperienze personali, cos\u00ec come il mio matrimonio con una italiana, hanno approfondito il mio apprezzamento per la diversit\u00e0 e lo scambio interculturale. Voglio portare questi valori al BiDIBi e contribuire a promuovere una comunit\u00e0 pi\u00f9 inclusiva e diversificata.<\/span><\/span><\/p><\/div>\n\t\t\t\t<\/div>\n\t\t\t\t\t\t\t\t<\/div>\n\t\t\t\t\t\t<\/div>\n\t\t\t\t<\/div>\n\t\t\t\t<div class=\"elementor-element elementor-element-e8d7ca1 elementor-widget elementor-widget-heading\" data-id=\"e8d7ca1\" data-element_type=\"widget\" data-e-type=\"widget\" data-widget_type=\"heading.default\">\n\t\t\t\t<div class=\"elementor-widget-container\">\n\t\t\t\t\t<h2 class=\"elementor-heading-title elementor-size-large\"><span style=\"font-weight: normal\">Il Consiglio<\/span><\/h2>\t\t\t\t<\/div>\n\t\t\t\t<\/div>\n\t\t\t\t<div class=\"elementor-element elementor-element-26a1d28 elementor-widget elementor-widget-accordion\" data-id=\"26a1d28\" data-element_type=\"widget\" data-e-type=\"widget\" data-settings=\"{&quot;_animation&quot;:&quot;none&quot;}\" data-widget_type=\"accordion.default\">\n\t\t\t\t<div class=\"elementor-widget-container\">\n\t\t\t\t\t\t\t<div class=\"elementor-accordion\">\n\t\t\t\t\t\t\t<div class=\"elementor-accordion-item\">\n\t\t\t\t\t<h6 id=\"elementor-tab-title-4051\" class=\"elementor-tab-title\" data-tab=\"1\" role=\"button\" aria-controls=\"elementor-tab-content-4051\" aria-expanded=\"false\">\n\t\t\t\t\t\t\t\t\t\t\t\t\t<span class=\"elementor-accordion-icon elementor-accordion-icon-right\" aria-hidden=\"true\">\n\t\t\t\t\t\t\t\t\t\t\t\t\t\t\t<span class=\"elementor-accordion-icon-closed\"><i class=\"fas fa-chevron-down\"><\/i><\/span>\n\t\t\t\t\t\t\t\t<span class=\"elementor-accordion-icon-opened\"><i class=\"fas fa-chevron-up\"><\/i><\/span>\n\t\t\t\t\t\t\t\t\t\t\t\t\t\t<\/span>\n\t\t\t\t\t\t\t\t\t\t\t\t<a class=\"elementor-accordion-title\" tabindex=\"0\">Michela Bastianini-Hartl<\/a>\n\t\t\t\t\t<\/h6>\n\t\t\t\t\t<div id=\"elementor-tab-content-4051\" class=\"elementor-tab-content elementor-clearfix\" data-tab=\"1\" role=\"region\" aria-labelledby=\"elementor-tab-title-4051\"><p><span class=\"theming-theme-light\" style=\"color: #ffffff;\"><img loading=\"lazy\" decoding=\"async\" class=\"size-medium wp-image-137 alignleft\" src=\"https:\/\/bidibi.org\/wp-content\/uploads\/2023\/04\/Bastianini-Hartl-200x300.jpg\" alt=\"\" width=\"200\" height=\"300\" srcset=\"https:\/\/bidibi.org\/wp-content\/uploads\/2023\/04\/Bastianini-Hartl-200x300.jpg 200w, https:\/\/bidibi.org\/wp-content\/uploads\/2023\/04\/Bastianini-Hartl.jpg 400w\" sizes=\"(max-width: 200px) 100vw, 200px\" \/><span style=\"color: #333333;\">Sono nata e cresciuta a Bologna in una famiglia di insegnanti di scuola superiore. Dopo la laurea in statistica economica ho preso un diploma in relazioni internazionali ed ho sposato un Tedesco. Nel 1995 ho lasciato Bologna e, dopo aver soggiornato in diversi paesi anche d\u2019oltreoceano, sono dal 2009 fissa a Monaco di Baviera. Ho due figli maschi che crescono se non perfettamente bilingue perlomeno in stretto contatto con le due culture e lavoro part time presso un commercialista, dove mi occupo di contabilit\u00e0 e stipendi per clienti italiani.<\/span><\/span><\/p><p><span class=\"theming-theme-light\" style=\"color: #333333;\">Sin dall\u2019inizio sono stata una grande sostenitrice del progetto Leonardo da Vinci, sono diventata subito socia del BiDIBi e con entusiasmo ho cercato di dare il mio contributo nell\u2019ambito delle mie capacit\u00e0 professionali. Non solo trovo l\u2019educazione bilingue un dono speciale per chi ne possa usufruire, ma durante i miei soggiorni all\u2019estero ho anche avuto modo di constatare come una scuola che trasmetta ai bambini il meglio di due culture, svolga anche un importante ruolo sociale nell\u2019integrazione di diverse nazionalit\u00e0 e nel promuovere tolleranza e solidariet\u00e0 non solo nei bambini, ma anche nei loro genitori e negli insegnanti stessi.<\/span><\/p><\/div>\n\t\t\t\t<\/div>\n\t\t\t\t\t\t\t<div class=\"elementor-accordion-item\">\n\t\t\t\t\t<h6 id=\"elementor-tab-title-4052\" class=\"elementor-tab-title\" data-tab=\"2\" role=\"button\" aria-controls=\"elementor-tab-content-4052\" aria-expanded=\"false\">\n\t\t\t\t\t\t\t\t\t\t\t\t\t<span class=\"elementor-accordion-icon elementor-accordion-icon-right\" aria-hidden=\"true\">\n\t\t\t\t\t\t\t\t\t\t\t\t\t\t\t<span class=\"elementor-accordion-icon-closed\"><i class=\"fas fa-chevron-down\"><\/i><\/span>\n\t\t\t\t\t\t\t\t<span class=\"elementor-accordion-icon-opened\"><i class=\"fas fa-chevron-up\"><\/i><\/span>\n\t\t\t\t\t\t\t\t\t\t\t\t\t\t<\/span>\n\t\t\t\t\t\t\t\t\t\t\t\t<a class=\"elementor-accordion-title\" tabindex=\"0\">Gianluca Chiozzi<\/a>\n\t\t\t\t\t<\/h6>\n\t\t\t\t\t<div id=\"elementor-tab-content-4052\" class=\"elementor-tab-content elementor-clearfix\" data-tab=\"2\" role=\"region\" aria-labelledby=\"elementor-tab-title-4052\"><p><span class=\"theming-theme-light\" style=\"color: #ffffff;\"><img loading=\"lazy\" decoding=\"async\" class=\"size-medium wp-image-136 alignleft\" src=\"https:\/\/bidibi.org\/wp-content\/uploads\/2023\/04\/Chiozzi-200x300.jpg\" alt=\"\" width=\"200\" height=\"300\" srcset=\"https:\/\/bidibi.org\/wp-content\/uploads\/2023\/04\/Chiozzi-200x300.jpg 200w, https:\/\/bidibi.org\/wp-content\/uploads\/2023\/04\/Chiozzi.jpg 400w\" sizes=\"(max-width: 200px) 100vw, 200px\" \/><span style=\"color: #333333;\">Sono laureato in fisica e lavoro dal 1994 a Monaco presso l\u2019ESO, un centro di ricerca internazionale che costruisce e gestisce osservatori astronomici, il CERN dell\u2019astronomia. Ritengo che una eccellente formazione scolastica, multiculturale e plurilinguistica, sia la chiave per garantire il futuro dei nostri figli in una Europa sempre pi\u00f9 unita e in un pianeta sempre pi\u00f9 globale. Per questo motivo mi sono sempre interessato di educazione e pedagogia e sono stato per diversi anni membro del Consiglio Pedagogico della Scuola Europea di Monaco, prima nel ciclo primario e poi in quello superiore.<span class=\"theming-theme-light\">ch bin Physiker und seit 1994 in M\u00fcnchen bei ESO (European Southern Observatory) t\u00e4tig, einem internationalen Zentrum f\u00fcr astronomische Forschung, das Observatorien entwickelt, baut und betreibt. Eine hervorragende, multikulturelle und mehrsprachige Schulausbildung ist aus meiner Sicht die Basis f\u00fcr die Zukunft unserer Kinder in einem Europa, das immer mehr zusammenw\u00e4chst und auf einem Planeten, der immer globaler wird. Aufgrund dieser \u00dcberzeugung gilt mein Interesse der Erziehung und P\u00e4dagogik. \u00dcber mehrere Jahre hinweg war ich Mitglied im P\u00e4dagogischen Ausschuss der Prim\u00e4r- und Sekund\u00e4rstufe der Europ\u00e4ischen Schule M\u00fcnchen.<\/span><\/span><\/span><\/p><p><span class=\"theming-theme-light\" style=\"color: #333333;\">Mi sono quindi dedicato con entusiasmo al progetto di creare una scuola bilingue italo-tedesca a Monaco, sin da quando l\u2019idea era ancora in uno stato embrionale ed eravamo solo un piccolo, ma molto motivato, gruppo di volontari. Il mio obiettivo \u00e8 quello di mettere a disposizione di tutti un progetto educativo di prim\u2019ordine, che unisca gli aspetti positivi dei modelli scolastici italiano, bavarese e delle Scuole Europee.<\/span><\/p><\/div>\n\t\t\t\t<\/div>\n\t\t\t\t\t\t\t<div class=\"elementor-accordion-item\">\n\t\t\t\t\t<h6 id=\"elementor-tab-title-4053\" class=\"elementor-tab-title\" data-tab=\"3\" role=\"button\" aria-controls=\"elementor-tab-content-4053\" aria-expanded=\"false\">\n\t\t\t\t\t\t\t\t\t\t\t\t\t<span class=\"elementor-accordion-icon elementor-accordion-icon-right\" aria-hidden=\"true\">\n\t\t\t\t\t\t\t\t\t\t\t\t\t\t\t<span class=\"elementor-accordion-icon-closed\"><i class=\"fas fa-chevron-down\"><\/i><\/span>\n\t\t\t\t\t\t\t\t<span class=\"elementor-accordion-icon-opened\"><i class=\"fas fa-chevron-up\"><\/i><\/span>\n\t\t\t\t\t\t\t\t\t\t\t\t\t\t<\/span>\n\t\t\t\t\t\t\t\t\t\t\t\t<a class=\"elementor-accordion-title\" tabindex=\"0\">Hildegard Schulte-Umberg<\/a>\n\t\t\t\t\t<\/h6>\n\t\t\t\t\t<div id=\"elementor-tab-content-4053\" class=\"elementor-tab-content elementor-clearfix\" data-tab=\"3\" role=\"region\" aria-labelledby=\"elementor-tab-title-4053\"><p><span class=\"theming-theme-light\" style=\"color: #ffffff;\"><span class=\"theming-theme-light\"><img loading=\"lazy\" decoding=\"async\" class=\"size-medium wp-image-135 alignleft\" src=\"https:\/\/bidibi.org\/wp-content\/uploads\/2023\/04\/Schulte-umberg-200x300.jpg\" alt=\"\" width=\"200\" height=\"300\" srcset=\"https:\/\/bidibi.org\/wp-content\/uploads\/2023\/04\/Schulte-umberg-200x300.jpg 200w, https:\/\/bidibi.org\/wp-content\/uploads\/2023\/04\/Schulte-umberg.jpg 400w\" sizes=\"(max-width: 200px) 100vw, 200px\" \/><span style=\"color: #333333;\">Sono Traduttrice giurata per la lingua italiana. Inoltre sono stata docente, nonch\u00e9 responsabile della sezione italiana dello Sprachen &amp; Dolmetscher Institut \u2013 SDI di Monaco di Baviera.<\/span><\/span><\/span><\/p><p><span class=\"theming-theme-light\" style=\"color: #333333;\">Dopo i miei studi all\u2019Universit\u00e0 di Colonia ho vissuto e insegnato per diversi anni in Italia dove sono nati i miei figli e fin dall\u2019inizio mi sono sempre impegnata per la loro educazione bilingue. Anche nell\u2019ambito della mia attuale attivit\u00e0 di docente ho potuto costatare che la conoscenza di diverse lingue rappresenta un importante arricchimento personale oltre quello relativo alla futura attivit\u00e0 professionale dei giovani. Di conseguenza, ho accolto con entusiasmo sia l\u2019iniziativa del BiDIBi e.V. di costituire una scuola bilingue italo-tedesca a Monaco sia di parteciparvi come socia. Partecipazione che mi consente di seguire con grande interesse la scuola Leonardo da Vinci per contribuire al suo sviluppo.<\/span><\/p><\/div>\n\t\t\t\t<\/div>\n\t\t\t\t\t\t\t<div class=\"elementor-accordion-item\">\n\t\t\t\t\t<h6 id=\"elementor-tab-title-4054\" class=\"elementor-tab-title\" data-tab=\"4\" role=\"button\" aria-controls=\"elementor-tab-content-4054\" aria-expanded=\"false\">\n\t\t\t\t\t\t\t\t\t\t\t\t\t<span class=\"elementor-accordion-icon elementor-accordion-icon-right\" aria-hidden=\"true\">\n\t\t\t\t\t\t\t\t\t\t\t\t\t\t\t<span class=\"elementor-accordion-icon-closed\"><i class=\"fas fa-chevron-down\"><\/i><\/span>\n\t\t\t\t\t\t\t\t<span class=\"elementor-accordion-icon-opened\"><i class=\"fas fa-chevron-up\"><\/i><\/span>\n\t\t\t\t\t\t\t\t\t\t\t\t\t\t<\/span>\n\t\t\t\t\t\t\t\t\t\t\t\t<a class=\"elementor-accordion-title\" tabindex=\"0\">Dr. Anna Dalle Mule<\/a>\n\t\t\t\t\t<\/h6>\n\t\t\t\t\t<div id=\"elementor-tab-content-4054\" class=\"elementor-tab-content elementor-clearfix\" data-tab=\"4\" role=\"region\" aria-labelledby=\"elementor-tab-title-4054\"><span class=\"theming-theme-light\" style=\"color: #ffffff;\"><img loading=\"lazy\" decoding=\"async\" class=\"size-medium wp-image-908 alignleft\" src=\"https:\/\/bidibi.org\/wp-content\/uploads\/2024\/11\/758b3960-217x300.jpg\" alt=\"\" width=\"217\" height=\"300\" srcset=\"https:\/\/bidibi.org\/wp-content\/uploads\/2024\/11\/758b3960-217x300.jpg 217w, https:\/\/bidibi.org\/wp-content\/uploads\/2024\/11\/758b3960-740x1024.jpg 740w, https:\/\/bidibi.org\/wp-content\/uploads\/2024\/11\/758b3960-768x1063.jpg 768w, https:\/\/bidibi.org\/wp-content\/uploads\/2024\/11\/758b3960-1109x1536.jpg 1109w, https:\/\/bidibi.org\/wp-content\/uploads\/2024\/11\/758b3960-1479x2048.jpg 1479w, https:\/\/bidibi.org\/wp-content\/uploads\/2024\/11\/758b3960-9x12.jpg 9w, https:\/\/bidibi.org\/wp-content\/uploads\/2024\/11\/758b3960-scaled.jpg 1849w\" sizes=\"(max-width: 217px) 100vw, 217px\" \/><span style=\"color: #333333;\"> Come storica dell\u2019arte, ho trascorso la mia vita tra la Germania e l\u2019Italia fin dall\u2019inizio.\n\nHo completato gli studi a Padova e il dottorato all\u2019Universit\u00e0 Ludwig Maximilian di Monaco. Come figlia di due italiani a Berlino, non \u00e8 sempre stato facile confrontarsi con culture diverse; spesso l\u2019ho trovata una sfida. Ma ora, da adulta in un mondo globalizzato e in un\u2019europa unita, riconosco pienamente il potenziale di un\u2019educazione multiculturale.\n\nSostengo pienamente il concetto di bilinguismo della scuola Leonardo da Vinci e condivido la convinzione di tutti coloro che credono e sostengono questa straordinaria iniziativa. Per questo sono stata felice di dare il mio contributo a questo importante progetto fin dall\u2019inizio come membro fondatore di BiDIBi e.V.\n\nMi riempie di orgoglio vedere entrambi i miei figli frequentare questa scuola e crescere in un ambiente bilingue e multiculturale.<\/span><\/div>\n\t\t\t\t<\/div>\n\t\t\t\t\t\t\t<div class=\"elementor-accordion-item\">\n\t\t\t\t\t<h6 id=\"elementor-tab-title-4055\" class=\"elementor-tab-title\" data-tab=\"5\" role=\"button\" aria-controls=\"elementor-tab-content-4055\" aria-expanded=\"false\">\n\t\t\t\t\t\t\t\t\t\t\t\t\t<span class=\"elementor-accordion-icon elementor-accordion-icon-right\" aria-hidden=\"true\">\n\t\t\t\t\t\t\t\t\t\t\t\t\t\t\t<span class=\"elementor-accordion-icon-closed\"><i class=\"fas fa-chevron-down\"><\/i><\/span>\n\t\t\t\t\t\t\t\t<span class=\"elementor-accordion-icon-opened\"><i class=\"fas fa-chevron-up\"><\/i><\/span>\n\t\t\t\t\t\t\t\t\t\t\t\t\t\t<\/span>\n\t\t\t\t\t\t\t\t\t\t\t\t<a class=\"elementor-accordion-title\" tabindex=\"0\">Thomas Fritsch<\/a>\n\t\t\t\t\t<\/h6>\n\t\t\t\t\t<div id=\"elementor-tab-content-4055\" class=\"elementor-tab-content elementor-clearfix\" data-tab=\"5\" role=\"region\" aria-labelledby=\"elementor-tab-title-4055\"><p><span class=\"theming-theme-light\" style=\"color: #ffffff;\"><img loading=\"lazy\" decoding=\"async\" class=\"size-medium wp-image-131 alignleft\" src=\"https:\/\/bidibi.org\/wp-content\/uploads\/2023\/04\/Fritsch-200x300.png\" alt=\"\" width=\"200\" height=\"300\" srcset=\"https:\/\/bidibi.org\/wp-content\/uploads\/2023\/04\/Fritsch-200x300.png 200w, https:\/\/bidibi.org\/wp-content\/uploads\/2023\/04\/Fritsch.png 400w\" sizes=\"(max-width: 200px) 100vw, 200px\" \/><span style=\"color: #333333;\">Hallo und Buongiorno!\nSono sposato con un\u2019italiana e padre di 5 figli, per questo motivo ho avuto a che fare in passato con l\u2019ambito scolastico.\nSvolgendo la professione di avvocato da molti anni a Monaco di Baviera e rapprensendo molti mandanti di nazionalit\u00e0 italiana, era per me ovvio adoperarmi nell\u2019ambito del progetto della LdV portando cos\u00ec la mia esperienza giuridica.\nDall\u2019esperienza con i miei mandanti so che l\u2019integrazione scolastica nel sistema scolastico pubblico pu\u00f2 diventare problematica soprattutto per le famiglie che, per motivi di lavoro, devono spostarsi a Monaco durante l\u2019anno scolastico.<\/span><\/span><br \/><span class=\"theming-theme-light\" style=\"color: #333333;\">Als Ehemann einer Italienerin und Vater von f\u00fcnf Kindern hatte ich in der Vergangenheit mit dem Schulwesen zu tun.<\/span><br \/><span class=\"theming-theme-light\" style=\"color: #333333;\">Aufgrund meiner langj\u00e4hrigen Berufst\u00e4tigkeit als Rechtsanwalt in M\u00fcnchen und als Vertreter vieler italienischer Mandanten war es mir ein Anliegen, mich in das LdV Projekt mit meiner juristischen Erfahrung einzubringen.<\/span><br \/><span class=\"theming-theme-light\" style=\"color: #333333;\">Aus der Erfahrung mit meinen Mandanten wei\u00df ich, dass die Integration im \u00f6ffentlichen Schulsystem vor allem f\u00fcr jene Familien problematisch werden kann, die aus beruflichen Gr\u00fcnden im Verlauf eines Schuljahres nach M\u00fcnchen ziehen m\u00fcssen.<\/span><\/p><p><span class=\"theming-theme-light\" style=\"color: #333333;\">Infatti la scuola LdV promuove il bilinguismo soprattutto per i bambini provenienti da famiglie con doppia nazionalit\u00e0.\nIn ogni caso il plurilinguismo e la possibilit\u00e0 di vivere e imparare la variet\u00e0 culturale sono un presupposto fondamentale per un\u2019Europa unita, oggi pi\u00f9 che mai, e per questi motivi la LdV \u00e8 un cos\u00ec importante progetto.<\/span><br \/><span class=\"theming-theme-light\" style=\"color: #333333;\">Die Mehrsprachigkeit und die M\u00f6glichkeit, kulturelle Vielfalt zu leben und zu lernen, sind heute mehr denn je fundamentale Voraussetzungen in einem vereinten Europa. Deshalb ist die LdV Schule ein \u00fcberaus bedeutendes Projekt.<\/span><\/p><\/div>\n\t\t\t\t<\/div>\n\t\t\t\t\t\t\t<div class=\"elementor-accordion-item\">\n\t\t\t\t\t<h6 id=\"elementor-tab-title-4056\" class=\"elementor-tab-title\" data-tab=\"6\" role=\"button\" aria-controls=\"elementor-tab-content-4056\" aria-expanded=\"false\">\n\t\t\t\t\t\t\t\t\t\t\t\t\t<span class=\"elementor-accordion-icon elementor-accordion-icon-right\" aria-hidden=\"true\">\n\t\t\t\t\t\t\t\t\t\t\t\t\t\t\t<span class=\"elementor-accordion-icon-closed\"><i class=\"fas fa-chevron-down\"><\/i><\/span>\n\t\t\t\t\t\t\t\t<span class=\"elementor-accordion-icon-opened\"><i class=\"fas fa-chevron-up\"><\/i><\/span>\n\t\t\t\t\t\t\t\t\t\t\t\t\t\t<\/span>\n\t\t\t\t\t\t\t\t\t\t\t\t<a class=\"elementor-accordion-title\" tabindex=\"0\">Valentina Palmieri<\/a>\n\t\t\t\t\t<\/h6>\n\t\t\t\t\t<div id=\"elementor-tab-content-4056\" class=\"elementor-tab-content elementor-clearfix\" data-tab=\"6\" role=\"region\" aria-labelledby=\"elementor-tab-title-4056\"><p><span class=\"theming-theme-light\" style=\"color: #ffffff;\"><img loading=\"lazy\" decoding=\"async\" class=\"size-medium wp-image-133 alignleft\" src=\"https:\/\/bidibi.org\/wp-content\/uploads\/2023\/04\/Palmieri-200x300.jpg\" alt=\"\" width=\"200\" height=\"300\" srcset=\"https:\/\/bidibi.org\/wp-content\/uploads\/2023\/04\/Palmieri-200x300.jpg 200w, https:\/\/bidibi.org\/wp-content\/uploads\/2023\/04\/Palmieri.jpg 400w\" sizes=\"(max-width: 200px) 100vw, 200px\" \/><span style=\"color: #333333;\">Sono nata e cresciuta a Cagliari, in una famiglia dove l'amore per il prossimo e il porsi al servizio degli altri sono sempre stati valori fondamentali. Da sempre impegnata nel sociale, sognavo di diventare una ballerina di danza classica, disciplina che ho praticato per ventisette anni. Ho insegnato per tre anni in una scuola privata elementare a Cagliari e danza per oltre dieci anni. Contemporaneamente, ero iscritta alla facolt\u00e0 di giurisprudenza, dove mi sono laureata con una tesi sul diritto internazionale.<\/span><\/span><br \/><span class=\"theming-theme-light\" style=\"color: #333333;\">La mia vita appariva tranquilla fino a quando non ho incontrato colui con il quale ho deciso di condividere la mia esistenza. Mi sono sposata e ritrovata catapultata in Germania a dovermi confrontare con una cultura e una societ\u00e0 ben diverse da quelle fino a quel momento conosciute. Avere due figli in un paese straniero non \u00e8 stata un'esperienza sempre facile ma certamente porta a una maggiore consapevolezza delle proprie capacit\u00e0.<\/span><\/p><p><span class=\"theming-theme-light\" style=\"color: #333333;\">Sono stata da subito incuriosita dal grande progetto della Leonardo da Vinci e sono sempre pi\u00f9 convinta delle enormi potenzialit\u00e0 di questo metodo per i nostri bambini. I miei due figli, entrambi al ginnasio, sono felicissimi della scuola. L'ambiente sereno nel quale si formano, unitamente alla professionalit\u00e0 della direzione e degli insegnanti, ritengo siano ingredienti fondamentali che accompagnano i bambini attraverso il bilinguismo e il multilinguismo, aspetti fondamentali per la formazione dei cittadini della moderna societ\u00e0 multiculturale.<\/span><\/p><\/div>\n\t\t\t\t<\/div>\n\t\t\t\t\t\t\t\t<\/div>\n\t\t\t\t\t\t<\/div>\n\t\t\t\t<\/div>\n\t\t\t\t<div class=\"elementor-element elementor-element-ef9fed1 elementor-widget elementor-widget-spacer\" data-id=\"ef9fed1\" data-element_type=\"widget\" data-e-type=\"widget\" data-widget_type=\"spacer.default\">\n\t\t\t\t<div class=\"elementor-widget-container\">\n\t\t\t\t\t\t\t<div class=\"elementor-spacer\">\n\t\t\t<div class=\"elementor-spacer-inner\"><\/div>\n\t\t<\/div>\n\t\t\t\t\t\t<\/div>\n\t\t\t\t<\/div>\n\t\t\t\t\t<\/div>\n\t\t<\/div>\n\t\t\t\t\t<\/div>\n\t\t<\/section>\n\t\t\t\t<\/div>","protected":false},"excerpt":{"rendered":"<p>Tr\u00e4gerverein BiDIBI e.V. Bilingualer Deutsch-Italienischer Bildungsverein&nbsp;Zweisprachiger italienisch-deutscher Kulturverband Der BiDIBi e.V. (Bilingualer Deutsch-Italienischer Bildungsverein \u2013 Zweisprachiger italienisch-deutscher Kulturverband) ist als Schultr\u00e4ger regul\u00e4r im Register des italienischen Generalkonsulats M\u00fcnchen eingetragenen (Konsulardekret 119, 14.12.2020). Der BiDIBi e.V. wurde 2011 gegr\u00fcndet als gemeinn\u00fctziger Verein mit dem Ziel, die italienische Sprache und Kultur in Bayern und Deutschland zu f\u00f6rdern. [&hellip;]<\/p>\n","protected":false},"author":1,"featured_media":0,"parent":0,"menu_order":0,"comment_status":"closed","ping_status":"closed","template":"elementor_header_footer","meta":{"footnotes":""},"class_list":["post-38","page","type-page","status-publish","hentry"],"_links":{"self":[{"href":"https:\/\/bidibi.org\/it\/wp-json\/wp\/v2\/pages\/38","targetHints":{"allow":["GET"]}}],"collection":[{"href":"https:\/\/bidibi.org\/it\/wp-json\/wp\/v2\/pages"}],"about":[{"href":"https:\/\/bidibi.org\/it\/wp-json\/wp\/v2\/types\/page"}],"author":[{"embeddable":true,"href":"https:\/\/bidibi.org\/it\/wp-json\/wp\/v2\/users\/1"}],"replies":[{"embeddable":true,"href":"https:\/\/bidibi.org\/it\/wp-json\/wp\/v2\/comments?post=38"}],"version-history":[{"count":111,"href":"https:\/\/bidibi.org\/it\/wp-json\/wp\/v2\/pages\/38\/revisions"}],"predecessor-version":[{"id":1057,"href":"https:\/\/bidibi.org\/it\/wp-json\/wp\/v2\/pages\/38\/revisions\/1057"}],"wp:attachment":[{"href":"https:\/\/bidibi.org\/it\/wp-json\/wp\/v2\/media?parent=38"}],"curies":[{"name":"wp","href":"https:\/\/api.w.org\/{rel}","templated":true}]}}