{"id":161,"date":"2023-04-14T14:08:27","date_gmt":"2023-04-14T14:08:27","guid":{"rendered":"https:\/\/bidibi.org\/?page_id=161"},"modified":"2023-10-04T08:45:07","modified_gmt":"2023-10-04T08:45:07","slug":"anmeldung","status":"publish","type":"page","link":"https:\/\/bidibi.org\/it\/anmeldung\/","title":{"rendered":"Iscrizione"},"content":{"rendered":"<div data-elementor-type=\"wp-page\" data-elementor-id=\"161\" class=\"elementor elementor-161\">\n\t\t\t\t\t\t<section class=\"elementor-section elementor-top-section elementor-element elementor-element-d6adca3 elementor-section-height-min-height elementor-section-items-stretch elementor-section-content-middle elementor-section-full_width elementor-section-height-default\" data-id=\"d6adca3\" data-element_type=\"section\" data-e-type=\"section\" data-settings=\"{&quot;background_background&quot;:&quot;classic&quot;}\">\n\t\t\t\t\t\t\t<div class=\"elementor-background-overlay\"><\/div>\n\t\t\t\t\t\t\t<div class=\"elementor-container elementor-column-gap-default\">\n\t\t\t\t\t<div class=\"elementor-column elementor-col-100 elementor-top-column elementor-element elementor-element-19318ca\" data-id=\"19318ca\" data-element_type=\"column\" data-e-type=\"column\" data-settings=\"{&quot;background_background&quot;:&quot;classic&quot;}\">\n\t\t\t<div class=\"elementor-widget-wrap elementor-element-populated\">\n\t\t\t\t\t\t<div class=\"elementor-element elementor-element-d88fd02 elementor-widget elementor-widget-heading\" data-id=\"d88fd02\" data-element_type=\"widget\" data-e-type=\"widget\" data-widget_type=\"heading.default\">\n\t\t\t\t<div class=\"elementor-widget-container\">\n\t\t\t\t\t<h3 class=\"elementor-heading-title elementor-size-medium\">Iscrizione<\/h3>\t\t\t\t<\/div>\n\t\t\t\t<\/div>\n\t\t\t\t\t<\/div>\n\t\t<\/div>\n\t\t\t\t\t<\/div>\n\t\t<\/section>\n\t\t\t\t<section class=\"elementor-section elementor-top-section elementor-element elementor-element-bc78175 elementor-section-full_width elementor-section-height-min-height elementor-section-height-default elementor-section-items-middle\" data-id=\"bc78175\" data-element_type=\"section\" data-e-type=\"section\" data-settings=\"{&quot;background_background&quot;:&quot;classic&quot;}\">\n\t\t\t\t\t\t<div class=\"elementor-container elementor-column-gap-default\">\n\t\t\t\t\t<div class=\"elementor-column elementor-col-100 elementor-top-column elementor-element elementor-element-6204eb1\" data-id=\"6204eb1\" data-element_type=\"column\" data-e-type=\"column\">\n\t\t\t<div class=\"elementor-widget-wrap elementor-element-populated\">\n\t\t\t\t\t\t<div class=\"elementor-element elementor-element-3aa238f elementor-widget elementor-widget-heading\" data-id=\"3aa238f\" data-element_type=\"widget\" data-e-type=\"widget\" data-widget_type=\"heading.default\">\n\t\t\t\t<div class=\"elementor-widget-container\">\n\t\t\t\t\t<h4 class=\"elementor-heading-title elementor-size-large\">Diventa un membro della nostra associazione <\/h4>\t\t\t\t<\/div>\n\t\t\t\t<\/div>\n\t\t\t\t\t<\/div>\n\t\t<\/div>\n\t\t\t\t\t<\/div>\n\t\t<\/section>\n\t\t\t\t<section class=\"elementor-section elementor-top-section elementor-element elementor-element-eb9771e elementor-section-full_width elementor-section-content-middle elementor-reverse-tablet elementor-reverse-mobile elementor-section-height-min-height elementor-section-items-top elementor-section-stretched elementor-section-height-default\" data-id=\"eb9771e\" data-element_type=\"section\" data-e-type=\"section\" data-settings=\"{&quot;background_background&quot;:&quot;classic&quot;,&quot;stretch_section&quot;:&quot;section-stretched&quot;}\">\n\t\t\t\t\t\t<div class=\"elementor-container elementor-column-gap-no\">\n\t\t\t\t\t<div class=\"elementor-column elementor-col-100 elementor-top-column elementor-element elementor-element-a9d3763\" data-id=\"a9d3763\" data-element_type=\"column\" data-e-type=\"column\">\n\t\t\t<div class=\"elementor-widget-wrap elementor-element-populated\">\n\t\t\t\t\t\t<div class=\"elementor-element elementor-element-d6651dd elementor-widget elementor-widget-spacer\" data-id=\"d6651dd\" data-element_type=\"widget\" data-e-type=\"widget\" data-widget_type=\"spacer.default\">\n\t\t\t\t<div class=\"elementor-widget-container\">\n\t\t\t\t\t\t\t<div class=\"elementor-spacer\">\n\t\t\t<div class=\"elementor-spacer-inner\"><\/div>\n\t\t<\/div>\n\t\t\t\t\t\t<\/div>\n\t\t\t\t<\/div>\n\t\t\t\t<div class=\"elementor-element elementor-element-920e5b8 elementor-widget elementor-widget-text-editor\" data-id=\"920e5b8\" data-element_type=\"widget\" data-e-type=\"widget\" data-widget_type=\"text-editor.default\">\n\t\t\t\t<div class=\"elementor-widget-container\">\n\t\t\t\t\t\t\t\t\t<p>Per l\u2019iscrizione all\u2019associazione BiDIBi e.V. la preghiamo di inviare il modulo d'iscrizione e il mandato per addebito diretto SEPA compilati e firmati in allegato PDF all\u2019indirizzo <span id=\"cloakacca77fb60dcfbe36d19201a29196d19\">info@bidibi.org<\/span>.<strong><br \/><\/strong><\/p>\t\t\t\t\t\t\t\t<\/div>\n\t\t\t\t<\/div>\n\t\t\t\t<section class=\"elementor-section elementor-inner-section elementor-element elementor-element-16283cf elementor-section-boxed elementor-section-height-default elementor-section-height-default\" data-id=\"16283cf\" data-element_type=\"section\" data-e-type=\"section\">\n\t\t\t\t\t\t<div class=\"elementor-container elementor-column-gap-default\">\n\t\t\t\t\t<div class=\"elementor-column elementor-col-50 elementor-inner-column elementor-element elementor-element-e767d31\" data-id=\"e767d31\" data-element_type=\"column\" data-e-type=\"column\">\n\t\t\t<div class=\"elementor-widget-wrap elementor-element-populated\">\n\t\t\t\t\t\t<div class=\"elementor-element elementor-element-2558d0a elementor-align-center elementor-widget elementor-widget-button\" data-id=\"2558d0a\" data-element_type=\"widget\" data-e-type=\"widget\" data-widget_type=\"button.default\">\n\t\t\t\t<div class=\"elementor-widget-container\">\n\t\t\t\t\t\t\t\t\t<div class=\"elementor-button-wrapper\">\n\t\t\t\t\t<a class=\"elementor-button elementor-button-link elementor-size-sm\" href=\"https:\/\/bidibi.org\/wp-content\/uploads\/2023\/04\/Iscrizione_BiDIBi.pdf\" target=\"_blank\">\n\t\t\t\t\t\t<span class=\"elementor-button-content-wrapper\">\n\t\t\t\t\t\t\t\t\t<span class=\"elementor-button-text\">Iscrizione all\u2019associazione BiDIBi e.V.<\/span>\n\t\t\t\t\t<\/span>\n\t\t\t\t\t<\/a>\n\t\t\t\t<\/div>\n\t\t\t\t\t\t\t\t<\/div>\n\t\t\t\t<\/div>\n\t\t\t\t\t<\/div>\n\t\t<\/div>\n\t\t\t\t<div class=\"elementor-column elementor-col-50 elementor-inner-column elementor-element elementor-element-f3411cf\" data-id=\"f3411cf\" data-element_type=\"column\" data-e-type=\"column\">\n\t\t\t<div class=\"elementor-widget-wrap elementor-element-populated\">\n\t\t\t\t\t\t<div class=\"elementor-element elementor-element-130be48 elementor-align-center elementor-widget elementor-widget-button\" data-id=\"130be48\" data-element_type=\"widget\" data-e-type=\"widget\" data-widget_type=\"button.default\">\n\t\t\t\t<div class=\"elementor-widget-container\">\n\t\t\t\t\t\t\t\t\t<div class=\"elementor-button-wrapper\">\n\t\t\t\t\t<a class=\"elementor-button elementor-button-link elementor-size-sm\" href=\"https:\/\/bidibi.org\/wp-content\/uploads\/2023\/04\/SEPA_BiDIBi.pdf\" target=\"_blank\">\n\t\t\t\t\t\t<span class=\"elementor-button-content-wrapper\">\n\t\t\t\t\t\t\t\t\t<span class=\"elementor-button-text\">Mandato per addebito diretto SEPA<\/span>\n\t\t\t\t\t<\/span>\n\t\t\t\t\t<\/a>\n\t\t\t\t<\/div>\n\t\t\t\t\t\t\t\t<\/div>\n\t\t\t\t<\/div>\n\t\t\t\t\t<\/div>\n\t\t<\/div>\n\t\t\t\t\t<\/div>\n\t\t<\/section>\n\t\t\t\t<div class=\"elementor-element elementor-element-f0cdf89 elementor-widget elementor-widget-spacer\" data-id=\"f0cdf89\" data-element_type=\"widget\" data-e-type=\"widget\" data-widget_type=\"spacer.default\">\n\t\t\t\t<div class=\"elementor-widget-container\">\n\t\t\t\t\t\t\t<div class=\"elementor-spacer\">\n\t\t\t<div class=\"elementor-spacer-inner\"><\/div>\n\t\t<\/div>\n\t\t\t\t\t\t<\/div>\n\t\t\t\t<\/div>\n\t\t\t\t\t<\/div>\n\t\t<\/div>\n\t\t\t\t\t<\/div>\n\t\t<\/section>\n\t\t\t\t<section class=\"elementor-section elementor-top-section elementor-element elementor-element-cc44178 elementor-section-full_width elementor-section-height-min-height elementor-section-height-default elementor-section-items-middle\" data-id=\"cc44178\" data-element_type=\"section\" data-e-type=\"section\" data-settings=\"{&quot;background_background&quot;:&quot;classic&quot;,&quot;shape_divider_top&quot;:&quot;tilt&quot;}\">\n\t\t\t\t\t\t\t<div class=\"elementor-background-overlay\"><\/div>\n\t\t\t\t\t\t<div class=\"elementor-shape elementor-shape-top\" aria-hidden=\"true\" data-negative=\"false\">\n\t\t\t<svg xmlns=\"http:\/\/www.w3.org\/2000\/svg\" viewbox=\"0 0 1000 100\" preserveaspectratio=\"none\">\n\t<path class=\"elementor-shape-fill\" d=\"M0,6V0h1000v100L0,6z\"\/>\n<\/svg>\t\t<\/div>\n\t\t\t\t\t<div class=\"elementor-container elementor-column-gap-no\">\n\t\t\t\t\t<div class=\"elementor-column elementor-col-100 elementor-top-column elementor-element elementor-element-4b5e1b9\" data-id=\"4b5e1b9\" data-element_type=\"column\" data-e-type=\"column\" data-settings=\"{&quot;background_background&quot;:&quot;classic&quot;}\">\n\t\t\t<div class=\"elementor-widget-wrap elementor-element-populated\">\n\t\t\t\t\t\t<div class=\"elementor-element elementor-element-37e90cd elementor-widget elementor-widget-spacer\" data-id=\"37e90cd\" data-element_type=\"widget\" data-e-type=\"widget\" data-widget_type=\"spacer.default\">\n\t\t\t\t<div class=\"elementor-widget-container\">\n\t\t\t\t\t\t\t<div class=\"elementor-spacer\">\n\t\t\t<div class=\"elementor-spacer-inner\"><\/div>\n\t\t<\/div>\n\t\t\t\t\t\t<\/div>\n\t\t\t\t<\/div>\n\t\t\t\t<div class=\"elementor-element elementor-element-b1610a2 elementor-widget elementor-widget-heading\" data-id=\"b1610a2\" data-element_type=\"widget\" data-e-type=\"widget\" data-widget_type=\"heading.default\">\n\t\t\t\t<div class=\"elementor-widget-container\">\n\t\t\t\t\t<h2 class=\"elementor-heading-title elementor-size-default\"><span style=\"font-weight: normal\">Statuto<\/span><\/h2>\t\t\t\t<\/div>\n\t\t\t\t<\/div>\n\t\t\t\t<div class=\"elementor-element elementor-element-b5359c9 elementor-widget elementor-widget-text-editor\" data-id=\"b5359c9\" data-element_type=\"widget\" data-e-type=\"widget\" data-widget_type=\"text-editor.default\">\n\t\t\t\t<div class=\"elementor-widget-container\">\n\t\t\t\t\t\t\t\t\t<p style=\"text-align: center;\">Statuto del 18.01.2011<\/p>\t\t\t\t\t\t\t\t<\/div>\n\t\t\t\t<\/div>\n\t\t\t\t<div class=\"elementor-element elementor-element-b914ed5 elementor-widget elementor-widget-accordion\" data-id=\"b914ed5\" data-element_type=\"widget\" data-e-type=\"widget\" data-settings=\"{&quot;_animation&quot;:&quot;none&quot;}\" data-widget_type=\"accordion.default\">\n\t\t\t\t<div class=\"elementor-widget-container\">\n\t\t\t\t\t\t\t<div class=\"elementor-accordion\">\n\t\t\t\t\t\t\t<div class=\"elementor-accordion-item\">\n\t\t\t\t\t<h6 id=\"elementor-tab-title-1941\" class=\"elementor-tab-title\" data-tab=\"1\" role=\"button\" aria-controls=\"elementor-tab-content-1941\" aria-expanded=\"false\">\n\t\t\t\t\t\t\t\t\t\t\t\t\t<span class=\"elementor-accordion-icon elementor-accordion-icon-right\" aria-hidden=\"true\">\n\t\t\t\t\t\t\t\t\t\t\t\t\t\t\t<span class=\"elementor-accordion-icon-closed\"><i class=\"fas fa-chevron-down\"><\/i><\/span>\n\t\t\t\t\t\t\t\t<span class=\"elementor-accordion-icon-opened\"><i class=\"fas fa-chevron-up\"><\/i><\/span>\n\t\t\t\t\t\t\t\t\t\t\t\t\t\t<\/span>\n\t\t\t\t\t\t\t\t\t\t\t\t<a class=\"elementor-accordion-title\" tabindex=\"0\">\u00a7 1 Nome, sede<\/a>\n\t\t\t\t\t<\/h6>\n\t\t\t\t\t<div id=\"elementor-tab-content-1941\" class=\"elementor-tab-content elementor-clearfix\" data-tab=\"1\" role=\"region\" aria-labelledby=\"elementor-tab-title-1941\"><div class=\"content-wrapper\"><div class=\"content wk-content clearfix\"><ol><li>L\u2019associazione ha nome: Bilingualer Deutsch-Italienischer Bildungsverein M\u00fcnchen (BiDIBi).<\/li><li>Iscritta nel registro delle associazioni e con l\u2019indicazione \u201ce.V.\u201d<\/li><li>Sede dell\u2019associazione \u00e8 Monaco di Baviera.<\/li><\/ol><\/div><\/div><\/div>\n\t\t\t\t<\/div>\n\t\t\t\t\t\t\t<div class=\"elementor-accordion-item\">\n\t\t\t\t\t<h6 id=\"elementor-tab-title-1942\" class=\"elementor-tab-title\" data-tab=\"2\" role=\"button\" aria-controls=\"elementor-tab-content-1942\" aria-expanded=\"false\">\n\t\t\t\t\t\t\t\t\t\t\t\t\t<span class=\"elementor-accordion-icon elementor-accordion-icon-right\" aria-hidden=\"true\">\n\t\t\t\t\t\t\t\t\t\t\t\t\t\t\t<span class=\"elementor-accordion-icon-closed\"><i class=\"fas fa-chevron-down\"><\/i><\/span>\n\t\t\t\t\t\t\t\t<span class=\"elementor-accordion-icon-opened\"><i class=\"fas fa-chevron-up\"><\/i><\/span>\n\t\t\t\t\t\t\t\t\t\t\t\t\t\t<\/span>\n\t\t\t\t\t\t\t\t\t\t\t\t<a class=\"elementor-accordion-title\" tabindex=\"0\">\u00a7 2 Scopi<\/a>\n\t\t\t\t\t<\/h6>\n\t\t\t\t\t<div id=\"elementor-tab-content-1942\" class=\"elementor-tab-content elementor-clearfix\" data-tab=\"2\" role=\"region\" aria-labelledby=\"elementor-tab-title-1942\"><p>Scopo dell\u2019associazione \u00e8 la promozione dell\u2019integrazione delle culture italiana e tedesca, in particolare tramite:<\/p><ul><li>la fondazione e gestione di una scuola bilingue per alunni di lingua italiana o tedesca, con lo scopo di permettere agli studenti il conseguimento di un diploma di istruzione riconosciuto dalle autorit\u00e0 italiane e tedesche.<\/li><li>l'offerta di corsi di lingua e di attivit\u00e0 culturali miranti a promuovere la reciproca conoscenza linguistico-culturale.<\/li><\/ul><\/div>\n\t\t\t\t<\/div>\n\t\t\t\t\t\t\t<div class=\"elementor-accordion-item\">\n\t\t\t\t\t<h6 id=\"elementor-tab-title-1943\" class=\"elementor-tab-title\" data-tab=\"3\" role=\"button\" aria-controls=\"elementor-tab-content-1943\" aria-expanded=\"false\">\n\t\t\t\t\t\t\t\t\t\t\t\t\t<span class=\"elementor-accordion-icon elementor-accordion-icon-right\" aria-hidden=\"true\">\n\t\t\t\t\t\t\t\t\t\t\t\t\t\t\t<span class=\"elementor-accordion-icon-closed\"><i class=\"fas fa-chevron-down\"><\/i><\/span>\n\t\t\t\t\t\t\t\t<span class=\"elementor-accordion-icon-opened\"><i class=\"fas fa-chevron-up\"><\/i><\/span>\n\t\t\t\t\t\t\t\t\t\t\t\t\t\t<\/span>\n\t\t\t\t\t\t\t\t\t\t\t\t<a class=\"elementor-accordion-title\" tabindex=\"0\">\u00a7 3 Utilit\u00e0 sociale<\/a>\n\t\t\t\t\t<\/h6>\n\t\t\t\t\t<div id=\"elementor-tab-content-1943\" class=\"elementor-tab-content elementor-clearfix\" data-tab=\"3\" role=\"region\" aria-labelledby=\"elementor-tab-title-1943\"><div class=\"content-wrapper\"><div class=\"content wk-content clearfix\"><ol><li>L\u2019associazione persegue esclusivamente fini socialmente utili nel senso della definizione stabilita dal codice tributario (sezione relativa alle attivit\u00e0 che aventi diritto a privilegi fiscali).<\/li><li>L\u2019associazione \u00e8 senza scopo di lucro e non persegue il conseguimento di proventi economici.<\/li><li>I fondi a disposizione dell\u2019associazione possono essere utilizzati esclusivamente per i fini espressi nello statuto. I soci non ricevono alcuna retribuzione derivante dai fondi dell\u2019associazione. Nessun socio o terzo pu\u00f2 ottenere vantaggi finanziari derivanti da spese non conformi ai fini dell\u2019associazione o da a retribuzioni non commisurate alla prestazione fornita o da altre agevolazioni.<\/li><\/ol><\/div><\/div><\/div>\n\t\t\t\t<\/div>\n\t\t\t\t\t\t\t<div class=\"elementor-accordion-item\">\n\t\t\t\t\t<h6 id=\"elementor-tab-title-1944\" class=\"elementor-tab-title\" data-tab=\"4\" role=\"button\" aria-controls=\"elementor-tab-content-1944\" aria-expanded=\"false\">\n\t\t\t\t\t\t\t\t\t\t\t\t\t<span class=\"elementor-accordion-icon elementor-accordion-icon-right\" aria-hidden=\"true\">\n\t\t\t\t\t\t\t\t\t\t\t\t\t\t\t<span class=\"elementor-accordion-icon-closed\"><i class=\"fas fa-chevron-down\"><\/i><\/span>\n\t\t\t\t\t\t\t\t<span class=\"elementor-accordion-icon-opened\"><i class=\"fas fa-chevron-up\"><\/i><\/span>\n\t\t\t\t\t\t\t\t\t\t\t\t\t\t<\/span>\n\t\t\t\t\t\t\t\t\t\t\t\t<a class=\"elementor-accordion-title\" tabindex=\"0\">\u00a7 4 Anno sociale<\/a>\n\t\t\t\t\t<\/h6>\n\t\t\t\t\t<div id=\"elementor-tab-content-1944\" class=\"elementor-tab-content elementor-clearfix\" data-tab=\"4\" role=\"region\" aria-labelledby=\"elementor-tab-title-1944\"><div class=\"content-wrapper\" style=\"overflow: hidden; display: block; height: 42px;\"><div class=\"content wk-content clearfix\" style=\"min-height: 0px;\">L\u2019anno sociale inizia il primo settembre e termina il 31 agosto dell\u2019anno successivo.<\/div><\/div><\/div>\n\t\t\t\t<\/div>\n\t\t\t\t\t\t\t<div class=\"elementor-accordion-item\">\n\t\t\t\t\t<h6 id=\"elementor-tab-title-1945\" class=\"elementor-tab-title\" data-tab=\"5\" role=\"button\" aria-controls=\"elementor-tab-content-1945\" aria-expanded=\"false\">\n\t\t\t\t\t\t\t\t\t\t\t\t\t<span class=\"elementor-accordion-icon elementor-accordion-icon-right\" aria-hidden=\"true\">\n\t\t\t\t\t\t\t\t\t\t\t\t\t\t\t<span class=\"elementor-accordion-icon-closed\"><i class=\"fas fa-chevron-down\"><\/i><\/span>\n\t\t\t\t\t\t\t\t<span class=\"elementor-accordion-icon-opened\"><i class=\"fas fa-chevron-up\"><\/i><\/span>\n\t\t\t\t\t\t\t\t\t\t\t\t\t\t<\/span>\n\t\t\t\t\t\t\t\t\t\t\t\t<a class=\"elementor-accordion-title\" tabindex=\"0\">\u00a7 5 Organi dell\u2019associazione<\/a>\n\t\t\t\t\t<\/h6>\n\t\t\t\t\t<div id=\"elementor-tab-content-1945\" class=\"elementor-tab-content elementor-clearfix\" data-tab=\"5\" role=\"region\" aria-labelledby=\"elementor-tab-title-1945\"><p>Gli organi dell\u2019associazione sono:<\/p><ul><li>l\u2019assemblea dei soci<\/li><li>il consiglio<\/li><li>il direttivo<\/li><\/ul><p>\u00a0<\/p><\/div>\n\t\t\t\t<\/div>\n\t\t\t\t\t\t\t<div class=\"elementor-accordion-item\">\n\t\t\t\t\t<h6 id=\"elementor-tab-title-1946\" class=\"elementor-tab-title\" data-tab=\"6\" role=\"button\" aria-controls=\"elementor-tab-content-1946\" aria-expanded=\"false\">\n\t\t\t\t\t\t\t\t\t\t\t\t\t<span class=\"elementor-accordion-icon elementor-accordion-icon-right\" aria-hidden=\"true\">\n\t\t\t\t\t\t\t\t\t\t\t\t\t\t\t<span class=\"elementor-accordion-icon-closed\"><i class=\"fas fa-chevron-down\"><\/i><\/span>\n\t\t\t\t\t\t\t\t<span class=\"elementor-accordion-icon-opened\"><i class=\"fas fa-chevron-up\"><\/i><\/span>\n\t\t\t\t\t\t\t\t\t\t\t\t\t\t<\/span>\n\t\t\t\t\t\t\t\t\t\t\t\t<a class=\"elementor-accordion-title\" tabindex=\"0\"> \u00a7 6 Ammissione, quota associativa e ulteriori pagamenti<\/a>\n\t\t\t\t\t<\/h6>\n\t\t\t\t\t<div id=\"elementor-tab-content-1946\" class=\"elementor-tab-content elementor-clearfix\" data-tab=\"6\" role=\"region\" aria-labelledby=\"elementor-tab-title-1946\"><div style=\"overflow: hidden; display: block; height: 240px;\" class=\"content-wrapper\"><div class=\"content wk-content clearfix\" style=\"min-height: 0px;\"><ol><li>Possono essere ammesse all\u2019associazione persone fisiche e giuridiche che sostengono e favoriscono gli scopi dell\u2019associazione, espressi nel \u00a7 2 di questo statuto.<\/li><li>La richiesta di ammissione deve essere inviata in forma scritta al direttivo dell\u2019associazione.<\/li><li>Il direttivo decide l\u2019accettazione tramite votazione.<\/li><li>All\u2019atto dell\u2019accettazione il socio riconosce ed accetta lo statuto.<\/li><li>I soci sono tenuti a versare una quota associativa e una quota di ammissione. Ammontare e scadenza delle stesse sono determinate dall\u2019assemblea dei soci. Ogni socio \u00e8 tenuto a consegnare un\u2019autorizzazione all\u2019addebito bancario delle quote dovute. La quota associativa \u00e8 riscossa tramite addebito.<\/li><li>Eventuali aumenti o riduzioni della quota associativa, cambiamenti nella modalit\u00e0 di pagamento o ulteriori pagamenti sono determinati dall\u2019assemblea dei soci.<\/li><\/ol><\/div><\/div><\/div>\n\t\t\t\t<\/div>\n\t\t\t\t\t\t\t<div class=\"elementor-accordion-item\">\n\t\t\t\t\t<h6 id=\"elementor-tab-title-1947\" class=\"elementor-tab-title\" data-tab=\"7\" role=\"button\" aria-controls=\"elementor-tab-content-1947\" aria-expanded=\"false\">\n\t\t\t\t\t\t\t\t\t\t\t\t\t<span class=\"elementor-accordion-icon elementor-accordion-icon-right\" aria-hidden=\"true\">\n\t\t\t\t\t\t\t\t\t\t\t\t\t\t\t<span class=\"elementor-accordion-icon-closed\"><i class=\"fas fa-chevron-down\"><\/i><\/span>\n\t\t\t\t\t\t\t\t<span class=\"elementor-accordion-icon-opened\"><i class=\"fas fa-chevron-up\"><\/i><\/span>\n\t\t\t\t\t\t\t\t\t\t\t\t\t\t<\/span>\n\t\t\t\t\t\t\t\t\t\t\t\t<a class=\"elementor-accordion-title\" tabindex=\"0\">\u00a7 7 Decadenza dei soci<\/a>\n\t\t\t\t\t<\/h6>\n\t\t\t\t\t<div id=\"elementor-tab-content-1947\" class=\"elementor-tab-content elementor-clearfix\" data-tab=\"7\" role=\"region\" aria-labelledby=\"elementor-tab-title-1947\"><div class=\"content-wrapper\" style=\"overflow: hidden; display: block; height: 410px;\"><div class=\"content wk-content clearfix\" style=\"min-height: 0px;\"><ul><li>Si cessa di essere soci dell'associazione:<\/li><\/ul><div style=\"padding-left: 80px;\">per recessione<\/div><div style=\"padding-left: 80px;\">per espulsione dall\u2019associazione<br \/>per morte dell\u2019associato<br \/>per perdita dei diritti civili da parte dell\u2019associato<br \/>per scioglimento dell\u2019associazione<\/div><ul><li>Il recesso dall\u2019associazione \u00e8 possibile fino a tre mesi prima del termine dell\u2019anno sociale. La comunicazione del recesso va inoltrata all\u2019associazione in forma scritta.<\/li><li>L\u2019assemblea dei soci pu\u00f2 decidere l\u2019espulsione di un socio con una maggioranza pari ai due terzi. L'espulsione \u00e8 giustificata quando il comportamento di un socio sia in aperto contrasto con gli interessi e i fini dell\u2019associazione e in particolare con lo statuto. La mozione di espulsione pu\u00f2 essere inserita con le debite motivazioni nell\u2019ordine del giorno dell\u2019assemblea dei soci. Prima della delibera sulla mozione, il direttivo \u00e8 tenuto a dare al socio la possibilit\u00e0 di presentare, entro una data fissata, motivazioni in propria difesa. Alla decadenza i soci non hanno diritto al rimborso delle quote versate e di altre quote straordinarie o depositi, con la sola eccezione delle somme anticipate da soci per spese dell'associazione.<\/li><\/ul><\/div><\/div><\/div>\n\t\t\t\t<\/div>\n\t\t\t\t\t\t\t<div class=\"elementor-accordion-item\">\n\t\t\t\t\t<h6 id=\"elementor-tab-title-1948\" class=\"elementor-tab-title\" data-tab=\"8\" role=\"button\" aria-controls=\"elementor-tab-content-1948\" aria-expanded=\"false\">\n\t\t\t\t\t\t\t\t\t\t\t\t\t<span class=\"elementor-accordion-icon elementor-accordion-icon-right\" aria-hidden=\"true\">\n\t\t\t\t\t\t\t\t\t\t\t\t\t\t\t<span class=\"elementor-accordion-icon-closed\"><i class=\"fas fa-chevron-down\"><\/i><\/span>\n\t\t\t\t\t\t\t\t<span class=\"elementor-accordion-icon-opened\"><i class=\"fas fa-chevron-up\"><\/i><\/span>\n\t\t\t\t\t\t\t\t\t\t\t\t\t\t<\/span>\n\t\t\t\t\t\t\t\t\t\t\t\t<a class=\"elementor-accordion-title\" tabindex=\"0\">\u00a7 8 Assemblea dei soci<\/a>\n\t\t\t\t\t<\/h6>\n\t\t\t\t\t<div id=\"elementor-tab-content-1948\" class=\"elementor-tab-content elementor-clearfix\" data-tab=\"8\" role=\"region\" aria-labelledby=\"elementor-tab-title-1948\"><div class=\"content-wrapper\"><div class=\"content wk-content clearfix\"><ol><li>L\u2019assemblea ordinaria dei soci ha luogo annualmente. L\u2019assemblea deve svolgersi entro due mesi dall\u2019inizio dell\u2019anno sociale. Pu\u00f2 inoltre essere convocata un\u2019assemblea dei soci quando il direttivo o il consiglio lo richiedano nell\u2019interesse dell\u2019associazione o su richiesta scritta e motivata di almeno un quarto dei soci.<\/li><li>L\u2019assemblea dei soci \u00e8 convocata dal direttivo con preavviso di almeno due settimane e contestuale invio dell\u2019ordine del giorno agli associati. Il preavviso di due settimane si calcola a partire dal giorno successivo all\u2019invio dell\u2019ordine del giorno.<\/li><li>L\u2019assemblea straordinaria pu\u00f2 essere indetta con preavviso di tre giorni e contestuale invio dell\u2019ordine del giorno agli associati.<\/li><li>L\u2019assemblea dei soci ha potere di delibera se \u00e8 presente la met\u00e0 dei soci. In caso contrario, una nuova assemblea sar\u00e0 convocata a distanza di almeno una settimana. La seconda assemblea pu\u00f2 deliberare a prescindere dal numero dei soci presenti.<\/li><li>Presiede l\u2019assemblea il presidente del direttivo, a meno che l\u2019assemblea dei soci non scelga un\u2019altra persona.<\/li><li>Presiede l\u2019assemblea il presidente del direttivo, a meno che l\u2019assemblea dei soci non scelga un\u2019altra persona.<\/li><li>La partecipazione di terzi alle assemblee dei soci \u00e8 subordinata all'approvazione all'unanimit\u00e0 da parte dei soci all'inizio della seduta. I terzi non hanno diritto di voto.<\/li><li>L'assemblea dei soci delibera a maggioranza semplice, la maggioranza essendo calcolata rispetto ai voti espressi validamente. La modifica dello statuto richiede tuttavia la maggioranza dei tre quarti dei voti espressi validamente, mentre la modifica delle finalit\u00e0 dell'associazione richiede l'approvazione di tutti i soci. Le delibere dell'assemblea vanno messe a verbale.<\/li><li>L'assemblea dei soci sceglie un segretario verbalizzante incaricato di redigere il verbale. Quest'ultimo deve essere firmato da un membro del direttivo e dal segretario verbalizzante e deve essere messo a disposizione dei soci entro un mese. Eventuali obiezioni contro il verbale devono essere sollevate per iscritto al direttivo entro una settimana dalla ricezione del verbale.<\/li><\/ol><\/div><\/div><\/div>\n\t\t\t\t<\/div>\n\t\t\t\t\t\t\t<div class=\"elementor-accordion-item\">\n\t\t\t\t\t<h6 id=\"elementor-tab-title-1949\" class=\"elementor-tab-title\" data-tab=\"9\" role=\"button\" aria-controls=\"elementor-tab-content-1949\" aria-expanded=\"false\">\n\t\t\t\t\t\t\t\t\t\t\t\t\t<span class=\"elementor-accordion-icon elementor-accordion-icon-right\" aria-hidden=\"true\">\n\t\t\t\t\t\t\t\t\t\t\t\t\t\t\t<span class=\"elementor-accordion-icon-closed\"><i class=\"fas fa-chevron-down\"><\/i><\/span>\n\t\t\t\t\t\t\t\t<span class=\"elementor-accordion-icon-opened\"><i class=\"fas fa-chevron-up\"><\/i><\/span>\n\t\t\t\t\t\t\t\t\t\t\t\t\t\t<\/span>\n\t\t\t\t\t\t\t\t\t\t\t\t<a class=\"elementor-accordion-title\" tabindex=\"0\">\u00a7 9 Compiti dell\u2019assemblea dei soci<\/a>\n\t\t\t\t\t<\/h6>\n\t\t\t\t\t<div id=\"elementor-tab-content-1949\" class=\"elementor-tab-content elementor-clearfix\" data-tab=\"9\" role=\"region\" aria-labelledby=\"elementor-tab-title-1949\"><p>I compiti dell\u2019assemblea dei soci sono i seguenti:<\/p><ol><li>Delibera sulle proposte presentate dal direttivo dell\u2019associazione come comunicate per iscritto nella convocazione dell\u2019assemblea dei soci. Proposte presentate dal direttivo dopo la convocazione possono essere discusse o approvate solo se accettate all'ordine del giorno da almeno un quarto dei soci presenti.<\/li><li>Delibera su proposte presentate da parte di soci al direttivo per iscritto con almeno cinque giorni di anticipo rispetto alla convocazione dell\u2019assemblea.<\/li><li>Approvazione del resoconto presentato dal presidente sulle attivit\u00e0 dell\u2019associazione.<\/li><li>Approvazione del resoconto del cassiere e del revisore dei conti sul bilancio dell\u2019associazione.<\/li><li>Approvazione della gestione del direttivo.<\/li><li>Approvazione della contabilit\u00e0 e del bilancio di fine anno.<\/li><li>Delibera sul bilancio preventivo avanzato dal direttivo per l\u2019anno successivo.<\/li><li>Delibera sull\u2019ammontare della quota associativa.<\/li><li>Delibera sull\u2019ammontare della quota associativa.<\/li><li>Elezione del consiglio.<\/li><li>Ratifica dell\u2019eventuale elezione di un direttivo retribuito da parte del consiglio.<\/li><li>Ratifica dell\u2019eventuale elezione di membri volontari non retribuiti del direttivo da parte del consiglio.<\/li><li>Ratifica dell\u2019eventuale elezione di membri volontari non retribuiti del direttivo da parte del consiglio.<\/li><li>Ratifica dell\u2019eventuale elezione di membri volontari non retribuiti del direttivo da parte del consiglio.<\/li><li>Scioglimento dell\u2019associazione.<\/li><\/ol><\/div>\n\t\t\t\t<\/div>\n\t\t\t\t\t\t\t<div class=\"elementor-accordion-item\">\n\t\t\t\t\t<h6 id=\"elementor-tab-title-19410\" class=\"elementor-tab-title\" data-tab=\"10\" role=\"button\" aria-controls=\"elementor-tab-content-19410\" aria-expanded=\"false\">\n\t\t\t\t\t\t\t\t\t\t\t\t\t<span class=\"elementor-accordion-icon elementor-accordion-icon-right\" aria-hidden=\"true\">\n\t\t\t\t\t\t\t\t\t\t\t\t\t\t\t<span class=\"elementor-accordion-icon-closed\"><i class=\"fas fa-chevron-down\"><\/i><\/span>\n\t\t\t\t\t\t\t\t<span class=\"elementor-accordion-icon-opened\"><i class=\"fas fa-chevron-up\"><\/i><\/span>\n\t\t\t\t\t\t\t\t\t\t\t\t\t\t<\/span>\n\t\t\t\t\t\t\t\t\t\t\t\t<a class=\"elementor-accordion-title\" tabindex=\"0\">\u00a7 10 Consiglio<\/a>\n\t\t\t\t\t<\/h6>\n\t\t\t\t\t<div id=\"elementor-tab-content-19410\" class=\"elementor-tab-content elementor-clearfix\" data-tab=\"10\" role=\"region\" aria-labelledby=\"elementor-tab-title-19410\"><div class=\"content-wrapper\" style=\"overflow: hidden; display: block; height: 410px;\"><div class=\"content wk-content clearfix\" style=\"min-height: 0px;\"><div class=\"content-wrapper\"><div class=\"content wk-content clearfix\"><div class=\"content-wrapper\"><div class=\"content wk-content clearfix\"><ol><li>Il consiglio \u00e8 formato da 5 membri eletti dall\u2019assemblea dei soci.<\/li><li>I membri del consiglio sono eletti per la durata di due anni ma restano in carica fino a nuove elezioni.<\/li><li>Il consiglio pu\u00f2 chiamare a far parte del consiglio stesso fino a quattro ulteriori membri, quando siano necessarie competenze specialistiche per la tutela di interessi particolari dell\u2019associazione.<\/li><li>L\u2019elezione di ulteriori membri del consiglio ha la durata di due anni. Una rielezione \u00e8 possibile.<\/li><li>I membri del consiglio scelgono all'interno del consiglio il\/la presidente del consiglio e i\/le suoi\/sue due sostituti\/e.<\/li><\/ol><\/div><\/div><\/div><\/div><\/div><\/div><\/div>\n\t\t\t\t<\/div>\n\t\t\t\t\t\t\t<div class=\"elementor-accordion-item\">\n\t\t\t\t\t<h6 id=\"elementor-tab-title-19411\" class=\"elementor-tab-title\" data-tab=\"11\" role=\"button\" aria-controls=\"elementor-tab-content-19411\" aria-expanded=\"false\">\n\t\t\t\t\t\t\t\t\t\t\t\t\t<span class=\"elementor-accordion-icon elementor-accordion-icon-right\" aria-hidden=\"true\">\n\t\t\t\t\t\t\t\t\t\t\t\t\t\t\t<span class=\"elementor-accordion-icon-closed\"><i class=\"fas fa-chevron-down\"><\/i><\/span>\n\t\t\t\t\t\t\t\t<span class=\"elementor-accordion-icon-opened\"><i class=\"fas fa-chevron-up\"><\/i><\/span>\n\t\t\t\t\t\t\t\t\t\t\t\t\t\t<\/span>\n\t\t\t\t\t\t\t\t\t\t\t\t<a class=\"elementor-accordion-title\" tabindex=\"0\">\u00a7 11 Compiti del consiglio<\/a>\n\t\t\t\t\t<\/h6>\n\t\t\t\t\t<div id=\"elementor-tab-content-19411\" class=\"elementor-tab-content elementor-clearfix\" data-tab=\"11\" role=\"region\" aria-labelledby=\"elementor-tab-title-19411\"><div class=\"content-wrapper\" style=\"overflow: hidden; display: block; height: 410px;\"><div class=\"content wk-content clearfix\" style=\"min-height: 0px;\"><div class=\"content-wrapper\"><div class=\"content wk-content clearfix\"><div class=\"content-wrapper\"><div class=\"content wk-content clearfix\"><p>\u00a0<\/p><div class=\"content-wrapper\"><div class=\"content wk-content clearfix\"><ol><li>Elezione di un consiglio direttivo retribuito.<\/li><li>Elezione di un consiglio direttivo composto da tre membri volontari non retribuiti, qualora non venga scelto un direttivo retribuito.<\/li><li>Consulenza e controllo del direttivo ai sensi del paragrafo 26 del codice civile tedesco (BGB) in relazione alle delibere prese dall\u2019assemblea dei soci.<\/li><li>Rappresentanza legale dei soci in pubblico.<\/li><li>Il consiglio stila un regolamento interno che deve essere approvato dall\u2019assemblea dei soci.<\/li><li>Le sedute del consiglio devono svolgersi almeno quattro volte l\u2019anno. In queste sedute il consiglio prende le proprie decisioni La delibera \u00e8 valida se approvate dalla maggioranza dei membri. Il consiglio \u00e8 validamente riunito quando almeno la met\u00e0 dei membri sono presenti. Va redatto il verbale di ogni seduta. I verbali devono essere a disposizione dei soci in occasione dell\u2019assemblea generale.<\/li><\/ol><\/div><\/div><\/div><\/div><\/div><\/div><\/div><\/div><\/div>\n\t\t\t\t<\/div>\n\t\t\t\t\t\t\t<div class=\"elementor-accordion-item\">\n\t\t\t\t\t<h6 id=\"elementor-tab-title-19412\" class=\"elementor-tab-title\" data-tab=\"12\" role=\"button\" aria-controls=\"elementor-tab-content-19412\" aria-expanded=\"false\">\n\t\t\t\t\t\t\t\t\t\t\t\t\t<span class=\"elementor-accordion-icon elementor-accordion-icon-right\" aria-hidden=\"true\">\n\t\t\t\t\t\t\t\t\t\t\t\t\t\t\t<span class=\"elementor-accordion-icon-closed\"><i class=\"fas fa-chevron-down\"><\/i><\/span>\n\t\t\t\t\t\t\t\t<span class=\"elementor-accordion-icon-opened\"><i class=\"fas fa-chevron-up\"><\/i><\/span>\n\t\t\t\t\t\t\t\t\t\t\t\t\t\t<\/span>\n\t\t\t\t\t\t\t\t\t\t\t\t<a class=\"elementor-accordion-title\" tabindex=\"0\">\u00a7 12 Direttivo<\/a>\n\t\t\t\t\t<\/h6>\n\t\t\t\t\t<div id=\"elementor-tab-content-19412\" class=\"elementor-tab-content elementor-clearfix\" data-tab=\"12\" role=\"region\" aria-labelledby=\"elementor-tab-title-19412\"><div class=\"content-wrapper\" style=\"overflow: hidden; display: block; height: 410px;\"><div class=\"content wk-content clearfix\" style=\"min-height: 0px;\"><div class=\"content-wrapper\"><div class=\"content wk-content clearfix\"><div class=\"content-wrapper\"><div class=\"content wk-content clearfix\"><p>\u00a0<\/p><div class=\"content-wrapper\"><div class=\"content wk-content clearfix\"><ol><li>Il comitato direttivo retribuito, costituito da presidente e vicepresidente, svolge le funzioni di direttivo ai sensi del paragrafo 26 del codice civile tedesco (BGB). I membri del direttivo rappresentano gli interessi dell\u2019associazione, e tutti insieme ne sono i legali rappresentanti in pubblico.<\/li><li>Se non viene eletto un direttivo retribuito, il direttivo \u00e8 costituti da tre membri volontari, presidente, vicepresidente e tesoriere, ai sensi del paragrafo 26 del codice civile tedesco (BGB). Tutti i membri del direttivo gestiscono le attivit\u00e0 dell\u2019associazione, mentre due membri a scelta rappresentano congiuntamente l'associazione.<\/li><li>Le modalit\u00e0 di assunzione e gli emolumenti del direttivo retribuito sono compito esclusivo del consiglio.<\/li><li>Il direttivo \u00e8 eletto dal consiglio per la durata di due anni, ma resta in carica fino a nuove elezioni. Una rielezione \u00e8 possibile. L\u2019elezione dei membri del direttivo ha luogo secondo l\u2019ordinamento elettorale approvato dall\u2019assemblea dei soci.<\/li><li>Il direttivo provvede al resoconto del bilancio annuale. Il resoconto va presentato ed illustrato all\u2019assemblea di soci. Il bilancio va consegnato al revisore dei conti, designato dall\u2019assemblea dei soci, con congruo anticipo per il controllo.<\/li><\/ol><\/div><\/div><p>\u00a0<\/p><\/div><\/div><\/div><\/div><\/div><\/div><\/div>\n\t\t\t\t<\/div>\n\t\t\t\t\t\t\t<div class=\"elementor-accordion-item\">\n\t\t\t\t\t<h6 id=\"elementor-tab-title-19413\" class=\"elementor-tab-title\" data-tab=\"13\" role=\"button\" aria-controls=\"elementor-tab-content-19413\" aria-expanded=\"false\">\n\t\t\t\t\t\t\t\t\t\t\t\t\t<span class=\"elementor-accordion-icon elementor-accordion-icon-right\" aria-hidden=\"true\">\n\t\t\t\t\t\t\t\t\t\t\t\t\t\t\t<span class=\"elementor-accordion-icon-closed\"><i class=\"fas fa-chevron-down\"><\/i><\/span>\n\t\t\t\t\t\t\t\t<span class=\"elementor-accordion-icon-opened\"><i class=\"fas fa-chevron-up\"><\/i><\/span>\n\t\t\t\t\t\t\t\t\t\t\t\t\t\t<\/span>\n\t\t\t\t\t\t\t\t\t\t\t\t<a class=\"elementor-accordion-title\" tabindex=\"0\">\u00a7 13 Revisore dei conti<\/a>\n\t\t\t\t\t<\/h6>\n\t\t\t\t\t<div id=\"elementor-tab-content-19413\" class=\"elementor-tab-content elementor-clearfix\" data-tab=\"13\" role=\"region\" aria-labelledby=\"elementor-tab-title-19413\"><p>L\u2019assemblea dei soci designa annualmente al suo interno due revisori dei conti, che non possono essere contemporaneamente membri del direttivo. I revisori dei conti devono verificare l\u2019esattezza e la regolarit\u00e0 del bilancio e presentare il resoconto della loro analisi all\u2019assemblea dei soci.<\/p><\/div>\n\t\t\t\t<\/div>\n\t\t\t\t\t\t\t<div class=\"elementor-accordion-item\">\n\t\t\t\t\t<h6 id=\"elementor-tab-title-19414\" class=\"elementor-tab-title\" data-tab=\"14\" role=\"button\" aria-controls=\"elementor-tab-content-19414\" aria-expanded=\"false\">\n\t\t\t\t\t\t\t\t\t\t\t\t\t<span class=\"elementor-accordion-icon elementor-accordion-icon-right\" aria-hidden=\"true\">\n\t\t\t\t\t\t\t\t\t\t\t\t\t\t\t<span class=\"elementor-accordion-icon-closed\"><i class=\"fas fa-chevron-down\"><\/i><\/span>\n\t\t\t\t\t\t\t\t<span class=\"elementor-accordion-icon-opened\"><i class=\"fas fa-chevron-up\"><\/i><\/span>\n\t\t\t\t\t\t\t\t\t\t\t\t\t\t<\/span>\n\t\t\t\t\t\t\t\t\t\t\t\t<a class=\"elementor-accordion-title\" tabindex=\"0\">\u00a7 14 Scioglimento, destinazione del capitale dell\u2019associazione<\/a>\n\t\t\t\t\t<\/h6>\n\t\t\t\t\t<div id=\"elementor-tab-content-19414\" class=\"elementor-tab-content elementor-clearfix\" data-tab=\"14\" role=\"region\" aria-labelledby=\"elementor-tab-title-19414\"><div class=\"content-wrapper\" style=\"overflow: hidden; display: block; height: 100px;\"><div class=\"content wk-content clearfix\" style=\"min-height: 0px;\"><ol><li>Per procedere allo scioglimento dell\u2019associazione \u00e8 necessario raggiungere i 4\/5 dei voti.<\/li><li>In caso di scioglimento dell\u2019associazione o di decadenza degli scopi che garantiscono gli sgravi fiscali, il capitale sociale dell\u2019associazione \u00e8 trasferito a una persona giuridica o ad altra associazione senza scopo di lucro al fine di essere utilizzato per la promozione dell\u2019educazione bilingue dei bambini.<\/li><\/ol><\/div><\/div><\/div>\n\t\t\t\t<\/div>\n\t\t\t\t\t\t\t\t<\/div>\n\t\t\t\t\t\t<\/div>\n\t\t\t\t<\/div>\n\t\t\t\t<div class=\"elementor-element elementor-element-a710b34 elementor-widget elementor-widget-spacer\" data-id=\"a710b34\" data-element_type=\"widget\" data-e-type=\"widget\" data-widget_type=\"spacer.default\">\n\t\t\t\t<div class=\"elementor-widget-container\">\n\t\t\t\t\t\t\t<div class=\"elementor-spacer\">\n\t\t\t<div class=\"elementor-spacer-inner\"><\/div>\n\t\t<\/div>\n\t\t\t\t\t\t<\/div>\n\t\t\t\t<\/div>\n\t\t\t\t\t<\/div>\n\t\t<\/div>\n\t\t\t\t\t<\/div>\n\t\t<\/section>\n\t\t\t\t<\/div>","protected":false},"excerpt":{"rendered":"<p>Anmeldung Werden Sie Mitglied in unserem F\u00f6rderverin F\u00fcr die Aufnahme in den Verein BiDIBi e.V. senden Sie bitte das entsprechende Formular und das SEPA-Lastschriftmandat ausgef\u00fcllt und unterschrieben als PDF-Datei an die Adresse info@bidibi.org. Aufnahmeformular BiDIBi e.V. SEPA-Lastschriftsmandat Die Satzung Vereinssatzung vom 18.01.2011 \u00a7 1 Name, Sitz Der Verein f\u00fchrt den Namen: Bilingualer Deutsch-Italienischer Bildungsverein M\u00fcnchen [&hellip;]<\/p>\n","protected":false},"author":1,"featured_media":0,"parent":0,"menu_order":0,"comment_status":"closed","ping_status":"closed","template":"","meta":{"footnotes":""},"class_list":["post-161","page","type-page","status-publish","hentry"],"_links":{"self":[{"href":"https:\/\/bidibi.org\/it\/wp-json\/wp\/v2\/pages\/161","targetHints":{"allow":["GET"]}}],"collection":[{"href":"https:\/\/bidibi.org\/it\/wp-json\/wp\/v2\/pages"}],"about":[{"href":"https:\/\/bidibi.org\/it\/wp-json\/wp\/v2\/types\/page"}],"author":[{"embeddable":true,"href":"https:\/\/bidibi.org\/it\/wp-json\/wp\/v2\/users\/1"}],"replies":[{"embeddable":true,"href":"https:\/\/bidibi.org\/it\/wp-json\/wp\/v2\/comments?post=161"}],"version-history":[{"count":61,"href":"https:\/\/bidibi.org\/it\/wp-json\/wp\/v2\/pages\/161\/revisions"}],"predecessor-version":[{"id":751,"href":"https:\/\/bidibi.org\/it\/wp-json\/wp\/v2\/pages\/161\/revisions\/751"}],"wp:attachment":[{"href":"https:\/\/bidibi.org\/it\/wp-json\/wp\/v2\/media?parent=161"}],"curies":[{"name":"wp","href":"https:\/\/api.w.org\/{rel}","templated":true}]}}